{"id":2528,"date":"2023-07-17T14:01:23","date_gmt":"2023-07-17T13:01:23","guid":{"rendered":"http:\/\/vatelier.fr\/?page_id=2528"},"modified":"2023-10-04T09:23:25","modified_gmt":"2023-10-04T08:23:25","slug":"fete-des-10-ans-du-val","status":"publish","type":"page","link":"https:\/\/vatelier.fr\/index.php\/fete-des-10-ans-du-val\/","title":{"rendered":"F\u00eate des 10 ans du VAL"},"content":{"rendered":"\n<h1 style=\"text-align: center;\"><img loading=\"lazy\" decoding=\"async\" class=\"aligncenter size-large wp-image-2666\" src=\"http:\/\/vatelier.fr\/wp-content\/uploads\/2023\/09\/programme1-10ans_web-724x1024.jpg\" alt=\"\" width=\"724\" height=\"1024\" srcset=\"https:\/\/vatelier.fr\/wp-content\/uploads\/2023\/09\/programme1-10ans_web-724x1024.jpg 724w, https:\/\/vatelier.fr\/wp-content\/uploads\/2023\/09\/programme1-10ans_web-212x300.jpg 212w, https:\/\/vatelier.fr\/wp-content\/uploads\/2023\/09\/programme1-10ans_web-768x1086.jpg 768w, https:\/\/vatelier.fr\/wp-content\/uploads\/2023\/09\/programme1-10ans_web-543x768.jpg 543w, https:\/\/vatelier.fr\/wp-content\/uploads\/2023\/09\/programme1-10ans_web-1086x1536.jpg 1086w, https:\/\/vatelier.fr\/wp-content\/uploads\/2023\/09\/programme1-10ans_web-750x1061.jpg 750w, https:\/\/vatelier.fr\/wp-content\/uploads\/2023\/09\/programme1-10ans_web-400x566.jpg 400w, https:\/\/vatelier.fr\/wp-content\/uploads\/2023\/09\/programme1-10ans_web-430x608.jpg 430w, https:\/\/vatelier.fr\/wp-content\/uploads\/2023\/09\/programme1-10ans_web-150x212.jpg 150w, https:\/\/vatelier.fr\/wp-content\/uploads\/2023\/09\/programme1-10ans_web-100x141.jpg 100w, https:\/\/vatelier.fr\/wp-content\/uploads\/2023\/09\/programme1-10ans_web.jpg 1250w\" sizes=\"auto, (max-width: 724px) 100vw, 724px\" \/><\/h1>\n<h2 style=\"text-align: center;\"><span style=\"color: #ff0000;\">ATTENTION LE SPECTACLE POUR ENFANTS DU MERCREDI 4 OCT \u00e0 17h EST ANNULE !!!<\/span><\/h2>\n<h1 style=\"text-align: center;\">D\u00c9TAILS DU PROGRAMME :<\/h1>\n<h2 style=\"text-align: center;\">\u00a0<\/h2>\n<h2 style=\"text-align: center;\"><strong>Du DIM 1er au MAR 3 :\u00a0 Atelier construction de cuiseur \u00e0 bois rocket stove <\/strong><\/h2>\n<p><strong>Atelier sur 3 journ\u00e9e enti\u00e8res<\/strong><\/p>\n<p>L\u2019id\u00e9e est de d\u00e9couvrir la fabrication d\u2019un cuiseur rocket, nous ferons essentiellement de la pratique, mais aussi plusieurs points th\u00e9oriques. Les cuiseurs rocket stove sont tr\u00e8s \u00e9conomes et ultra performants. Ils sont adapt\u00e9s pour cuire dans une marmite, un wok et\/ou une galetti\u00e8re.<\/p>\n<p><b>Tarifs :<\/b> Mati\u00e8re premi\u00e8re 170\u20ac \/cuiseur + Atelier \u00e0 prix conscient (conseill\u00e9 250\u20ac)\u00a0 \/ participant.e.s .\u00a0 Tout les d\u00e9tails sur la page : <a href=\"https:\/\/atelierduzephyr.org\/evenement\/stage-oxalis-val\/\">https:\/\/atelierduzephyr.org\/evenement\/stage-oxalis-val\/\u00a0<\/a><\/p>\n<p><b>Inscription :<\/b> Acompte obligatoire pour l&rsquo;inscription sur la page : <a href=\"https:\/\/atelierduzephyr.org\/evenement\/stage-oxalis-val\/\">https:\/\/atelierduzephyr.org\/evenement\/stage-oxalis-val\/<\/a><\/p>\n<p><strong>\u00a0<\/strong><\/p>\n<h2 style=\"text-align: center;\"><strong>DIMANCHE 1er Oct :<\/strong><\/h2>\n<ul>\n<li><strong>18h- 20h :<\/strong> <strong>Grande bouffe<\/strong> avec les b\u00e9n\u00e9voles de l&rsquo;association et les ancien.ne.s, <strong>sur r\u00e9servation : <a href=\"mailto:aubry.alix@protonmail.com\">aubry.alix@protonmail.com<\/a><br \/><\/strong><\/li>\n<li><strong>20h30- 21h30 : Spectacle \u00ab\u00a0les le\u00e7on de punk de Kafar et Nahome\u00a0\u00bb<\/strong> : Conf\u00e9rence clownesque de punk alcoolo- acoustique<\/li>\n<\/ul>\n<h2 style=\"text-align: center;\"><strong>LUNDI 2 Oct :<\/strong><\/h2>\n<ul>\n<li><strong>17h30-19h : <span class=\"JtukPc\"><span id=\"rAECCd\" role=\"heading\" aria-level=\"1\">Ton poster en autonomie (partie 1\/2)<\/span><\/span><\/strong><br \/><span class=\"JtukPc\">Imprimer un dessin en s\u00e9rigraphie sur du papier artisanal, voil\u00e0 ce qu\u2019on vous propose lors de cet atelier en deux parties. Premi\u00e8re \u00e9tape : transformer vos poubelles jaunes en de nouvelles grandes feuilles pleines de charme. Rapporte 50gr de d\u00e9chets papiers (pas plastifi\u00e9) \u00e0 recycler et de quoi te prot\u00e9ger si tu crains l\u2019eau. inscription et infos : <a href=\"mailto:miaborglegros@pm.me\" target=\"_blank\" rel=\"noopener\">miaborglegros@pm.me<\/a> ou <a href=\"mailto:jossetristan@gmail.com\" target=\"_blank\" rel=\"noopener\">jossetristan@gmail.com<\/a><\/span><\/li>\n<li><strong>20h30-22h30 :<\/strong> <strong>Conf\u00e9rence gesticul\u00e9e \u00ab\u00a0retour vers le no futur\u00a0\u00bb<\/strong><br \/>\u00abNo Future\u00bb disait le mouvement punk. Ici, on y revient ! Mais on se demande comment d\u00e9passer ce constat et sortir du d\u00e9sespoir pour agir \u00e0 travers l\u2019autonomie collective. \u00c7a va faire du bien !<br \/>Voir : https:\/\/tube.conferences-gesticulees.net\/w\/df6c2d63-6e7c-4755-b11a-2e8a073a96c7<\/li>\n<\/ul>\n<p>\u00a0<\/p>\n<h2 style=\"text-align: center;\"><strong>MARDI 3 Oct :<\/strong><\/h2>\n<ul>\n<li><strong> 11h-13h :<\/strong> <strong>Direct depuis l&rsquo;atelier sur radio BLV:<\/strong> vient papoter de ton exp\u00e9rience dans l\u2019association. Radio BLV d\u00e9place son studio \u00e0 l&rsquo;atelier !<\/li>\n<li><strong>18h-20h : Atelier repair caf\u00e9 :<\/strong> Que ce soit un r\u00e9veil, une radio, une cafeti\u00e8re, un aspirateur, un mixeur&#8230; on essaye de le r\u00e9parer avec vous ! Et si votre c\u00f4t\u00e9 bricoleur s&rsquo;ennuie, venez nous filer un coup de main !<\/li>\n<li><strong>20h-22h:<\/strong> <strong>Projection du film \u00ab\u00a0Pied de biche\u00a0\u00bb<\/strong> en pr\u00e9sence du r\u00e9alisateur : Documentaire d\u20191h20 r\u00e9alis\u00e9 entre 2014 et 2018. Des squats, un espace autog\u00e9r\u00e9, un quartier pirate, des terres occup\u00e9es et leur centaine d\u2019habitant.e.s dans une ville de taille moyenne. Une certaine envie de victoire.<\/li>\n<\/ul>\n<h2 style=\"text-align: center;\"><strong>MERCREDI 4 Oct : Apr\u00e8s-midi enfants<br \/><\/strong><\/h2>\n<ul>\n<li><strong>14h-16h30 : Fabrique ton robot (atelier pour les enfants)<\/strong>:\u00a0<br \/><span class=\"JtukPc\">Un atelier d\u00e9di\u00e9 aux enfants qui ont envie de construire eux-m\u00eame leur sculpture robot gr\u00e2ce \u00e0 des composants \u00e9lectroniques recycl\u00e9s<\/span>. Gratuit !<\/li>\n<li><strong>16h30: Go\u00fbt\u00e9 partag\u00e9: <\/strong>Quelque soit ton age vient partag\u00e9 ton go\u00fbter <strong><br \/><\/strong><\/li>\n<li><strong>17h30-18h15: Spectacle pour enfants : Monsieur Zaza, l&rsquo;\u00e9cole autrement<br \/><\/strong><span class=\"JtukPc\">Dans mon village,c&rsquo;est la panique ! L&rsquo;instit msieur Bossdur a aval\u00e9 une gu\u00eape et doit \u00eatre remplac\u00e9. Et pendant que les parents se disputent pour trouver le candidat id\u00e9al, nous on s&rsquo;instruit au terrain vague et on a p&rsquo;t\u00eatre trouv\u00e9 la solution&#8230;il s&rsquo;appelle monsieur Zaza! Une fable marionetico-po\u00e9tique sur l&rsquo;\u00e9cole autrement. A partir de 5 ans.<\/span> Au chapeau<strong><br \/><\/strong><\/li>\n<li><strong>20h-21h: Concert :<\/strong> <strong>Issue de secours :<\/strong> <br \/><span class=\"JtukPc\">Un duo guitare chant pour nous r\u00e9galer les oreilles en douceur en cette fin de journ\u00e9e sp\u00e9ciale. \u00c9couter :<\/span><span class=\"author-a-fz87zz72zn1gyz73zvz82zz81zz79zz76zz90zkg\"><a href=\"https:\/\/soundcloud.com\/gr-goire-spillmann\/sets\/zygo-greg-cession-acoustique\"> https:\/\/soundcloud.com\/gr-goire-spillmann\/sets\/zygo-greg-cession-acoustique <\/a><br \/><\/span><\/li>\n<\/ul>\n<h2>\u00a0<\/h2>\n<h2 style=\"text-align: center;\"><strong>JEUDI 5 Oct :<\/strong><\/h2>\n<ul>\n<li><strong>Journ\u00e9e transformation de l&rsquo;atelier<\/strong> en lieu festif avec d\u00e9coration. Viens nous aider \u00e0 ranger, installer les sc\u00e8ne, la sono, les lumi\u00e8res, la d\u00e9coration etc.<\/li>\n<li><strong>17h-19h30 : Atelier Couture au quotidien<\/strong><br \/><span class=\"JtukPc\">Apprendre \u00e0 : enfiler une aiguille, faire un n\u0153ud, coudre un bout \u00a0 on, r\u00e9parer un trou, ex\u00e9cuter des points simples, raccommoder, &#8230; \u00a0 \u00a0 Contact : <a href=\"mailto:madie2662@gail.com\" target=\"_blank\" rel=\"noopener\">madie2662@gail.com<\/a><\/span><\/li>\n<li><strong>20h30-22h30: Spectacle \u00ab\u00a0Point de Bascule\u00a0\u00bb<\/strong> (compagnie du gravillon) : <br \/><span class=\"JtukPc\">Chercheur-cycliste en m\u00e9tascience, Barth\u00e9l\u00e9my Champenois a perdu son incons\u00e9quence.<\/span> <span class=\"JtukPc\">Nous le suivons dans sa qu\u00eate de v\u00e9rit\u00e9, ses calculs, ses doutes, ses explications scientifiques et sa folie, qui le d\u00e9posent l\u00e0, suspendu entre un pass\u00e9 qu\u2019il ne peut pas changer et un avenir qui semble difficile \u00e0 \u00e9viter. Barth\u00e9l\u00e9my cherche son chemin, entre la transformation int\u00e9rieure, l\u2019action individuelle, collective, militante, politique pour trouver des leviers \u00e0 sa port\u00e9e.<br \/>Voir :<a href=\"https:\/\/compagniedugravillon.fr\/videos-point-de-bascule\/\"> https:\/\/compagniedugravillon.fr\/videos-point-de-bascule\/<\/a><\/span><\/li>\n<\/ul>\n<p>\u00a0<\/p>\n<h2 style=\"text-align: center;\"><strong>VENDREDI 6 Oct :<\/strong><\/h2>\n<ul>\n<li><strong>13h-20h Atelier transfo alimentaire au feu de bois<\/strong> (Accueillette et Feu follet) :<br \/><span class=\"JtukPc\">Cuisine et tranfo cuisson au rocket l&rsquo;aprem (ouverte \u00e0 participation) sur la place de parking dehors, repas servi au public, \u00e0 prix fixe, 8\u20ac, au profit de l&rsquo;asso l&rsquo;accueillette.<\/span><\/li>\n<li><strong>16h-18h30 : Ton poster en autonomie (partie2\/2) :<\/strong><br \/><span class=\"JtukPc\">Lors de cette deuxi\u00e8me \u00e9tape, nous vous ferons (re)d\u00e9couvrir la s\u00e9rigraphie et profiterons du papier fabriqu\u00e9 le lundi pour mettre en application cette technique d\u2019impression \u00ab maison \u00bb. inscription et infos : <a href=\"mailto:miaborglegros@pm.me\" target=\"_blank\" rel=\"noopener\">miaborglegros@pm.me<\/a> ou <a href=\"mailto:jossetristan@gmail.com\" target=\"_blank\" rel=\"noopener\">jossetristan@gmail.com<\/a><\/span><\/li>\n<li><strong>18h- 19h: <span id=\"rAECCd\" role=\"heading\" aria-level=\"1\">Spectacle : Boum boum.net par la compagnie Panth\u00e8re Noire<br \/><\/span><\/strong>Bastien Blanchard ? Ceux qui le suivent ne seront pas seulement de bon batteurs : ils sortiront du lot. Une seule \u00e9l\u00e8ve se pr\u00e9sente et tout d\u00e9rape : Bastien n\u2019aurait pas d\u00fb rejeter Caroline sous pr\u00e9texte que c\u2019est une fille. Est-elle une simple marionnette, une cochonne, ou la future star de la batterie ? Pourquoi les filles ne joueraient elles pas \u2013 elles aussi \u2013 de la batterie ?<\/li>\n<li><strong>20h-22h : Concert Les Ginos<\/strong> <b>(Quatuor rock guinguette, \u00e0 partager)<\/b> <br \/>Tout public. Leurs chansons se partagent, se dansent, swinguent de valses en rock. Les textes s\u2019inspirent de la vie, et la fantaisie s\u2019invite sur sc\u00e8ne. Et le mieux\u2026 C\u2019est que tu viennes voir !\u00a0\u00a0\u00a0\u00a0 https:\/\/www.zicomatic.org\/groupes-de-musique\/les-gino<\/li>\n<li><strong>22h-00h : Concert La Meute<\/strong> <strong>(Quatuor f\u00e9minin de Spoken Word)<\/strong> <br \/>La Meute est un groupe de spoken word cr\u00e9e en 2019 \u00e0 l\u2019initiative de Margaux Seon. La Meute part d\u2019une envie visc\u00e9rale de scander le verbe. Les mots ont une place centrale dans le projet musical. Les textes, en fran\u00e7ais, parl\u00e9\/chant\u00e9, sont comme un coup de poing dans un gant de velours, \u00e0 la fois doux et incisifs. Ils racontent des tranches de vie, des d\u00e9boires, petites victoires du quotidien ou de l\u2019actualit\u00e9.\u00a0 <a href=\"https:\/\/la-meute.net\/index.php\/le-groupe\/\">https:\/\/la-meute.net\/index.php\/le-groupe\/<\/a><\/li>\n<\/ul>\n<h2>\u00a0<\/h2>\n<h2 style=\"text-align: center;\"><strong>SAMEDI\u00a0 7 Oct:<\/strong><\/h2>\n<ul>\n<li><strong>15h-17h Jeux et divers ateliers<\/strong> :\u00a0 jeux en bois + Atelier S\u00e9rie graphie + Ateliers petites fabrications divers<\/li>\n<li><strong>18h-19h :<\/strong> <strong><strong>Spectacle de clown, Tout public : Feul\u00fcte et Mixtures : <br \/><\/strong><\/strong>Un duo de clown de Cie Le Grand Th\u00e9\u00e2tre des Petites Choses \u00c7a commence avec une g\u00e9ante. Une diva \u00e9tourdie. Un subterfuge. Une h\u00e9ro\u00efne d\u2019op\u00e9ra qui patatras. Se divise en deux. C\u2019est troublant une mitose&#8230; Ensemble, ces \u00eatres traversent l\u2019art contemporain et la musique techno pour aller d\u00e9crocher la lune. Voir : <a href=\"https:\/\/www.youtube.com\/@legrandtheatredespetiteschoses\">https:\/\/www.youtube.com\/@legrandtheatredespetiteschoses<\/a><\/li>\n<li><strong>20h-22h : Concert : Virage<\/strong>\u00a0 Duo Accord\u00e9on \u00e0 effet et batterie <br \/>Virage ou la rencontre de deux artistes qui dansent, s\u2019affrontent et fusionnent en une transe unique, hypnotique et jouissive. Ecouter : https:\/\/www.la-curieuse.com\/artiste\/virage\/<\/li>\n<li><strong>22h-00h : Concert Le reparateur Duo punk rock francais<\/strong> :<br \/><span class=\"JtukPc\">Duo de Punk Rock fran\u00e7ais qui d\u00e9cape ! Irr\u00e9v\u00e9rencieux et d\u00e9cal\u00e9s au possible, ces deux cr\u00e9tins avoinent un punk-rock fran\u00e7ais bigarr\u00e9 de garage furieux tout en slalomant entre humour noir et blagues potaches. Ecouter :<\/span> <a href=\"https:\/\/lereparateur.bandcamp.com\/\">https:\/\/lereparateur.bandcamp.com\/<\/a><\/li>\n<\/ul>\n<h2>\u00a0<\/h2>\n<h2 style=\"text-align: center;\">Besoin de b\u00e9n\u00e9voles :<\/h2>\n<p>Comme tout au long de l&rsquo;ann\u00e9e notre association a besoin d&rsquo;aide b\u00e9n\u00e9voles. Nous avons besoin de personnes qui souhaites organiser des ateliers ou programmer des spectacles et de \u00ab\u00a0petites mains\u00a0\u00bb 3 jour avant le 1er et 4 jours apr\u00e8s le 8. Nous aider : <a href=\"mailto:10ansval@vatelier.fr\">10ansval@vatelier.fr<\/a><\/p>\n<h2 style=\"text-align: center;\">Tarifs :<\/h2>\n<p><strong>Tout \u00e0 PRIX CONSCIENT et LIBRE (sauf mati\u00e8re premi\u00e8re des ateliers)<\/strong><\/p>\n<p><strong>Tout les spectacles sont avec participation financi\u00e8re Libre et consciente (conseill\u00e9 8\u20ac\/spectacle et 15\u20ac\/ soir\u00e9e festive du week end) .<\/strong><\/p>\n<p>\u00a0<\/p>\n<h2 style=\"text-align: center;\">D\u00e9guisements :<\/h2>\n<p>Le th\u00e8me des soir\u00e9es festives est VAL million d&rsquo;ami.e.s &#8230; Viens d\u00e9guis\u00e9.e avec ta plus belle parure animale !<\/p>\n<h2 style=\"text-align: center;\">R\u00e9servations \/ Infos :<\/h2>\n<p>Atelier (inscription obligatoire) directement aupr\u00e8s des organisateurices \/ Vous pouvez nous pr\u00e9venir si vous venez \u00e0 des spectacles<\/p>\n<p><a href=\"mailto:contact@vatelier.fr\">contact@vatelier.fr<\/a><\/p>\n<p>\u00a0<\/p>\n<h2 style=\"text-align: center;\">Sur place :<\/h2>\n<p>Toute la semaine petit bar et le week-end grand bar !<\/p>\n<p>Repas les vendredi et samedi soir<\/p>\n<p>De la bonne humeur \ud83d\ude42<\/p>\n<div id=\"magicdomid39\" class=\"ace-line\" spellcheck=\"true\" aria-live=\"assertive\">\u00a0<\/div>\n","protected":false},"excerpt":{"rendered":"<p>ATTENTION LE SPECTACLE POUR ENFANTS DU MERCREDI 4 OCT \u00e0 17h EST ANNULE !!! D\u00c9TAILS DU PROGRAMME : \u00a0 Du DIM 1er au MAR 3 :\u00a0 Atelier construction de cuiseur [&hellip;]<\/p>\n","protected":false},"author":1,"featured_media":0,"parent":0,"menu_order":0,"comment_status":"closed","ping_status":"closed","template":"","meta":{"footnotes":""},"class_list":["post-2528","page","type-page","status-publish","hentry"],"yoast_head":"<!-- This site is optimized with the Yoast SEO plugin v27.5 - https:\/\/yoast.com\/product\/yoast-seo-wordpress\/ -->\n<title>F\u00eate des 10 ans du VAL - Valence Atelier Libre<\/title>\n<meta name=\"robots\" content=\"index, follow, max-snippet:-1, max-image-preview:large, max-video-preview:-1\" \/>\n<link rel=\"canonical\" href=\"https:\/\/vatelier.fr\/index.php\/fete-des-10-ans-du-val\/\" \/>\n<meta property=\"og:locale\" content=\"fr_FR\" \/>\n<meta property=\"og:type\" content=\"article\" \/>\n<meta property=\"og:title\" content=\"F\u00eate des 10 ans du VAL - Valence Atelier Libre\" \/>\n<meta property=\"og:description\" content=\"ATTENTION LE SPECTACLE POUR ENFANTS DU MERCREDI 4 OCT \u00e0 17h EST ANNULE !!! D\u00c9TAILS DU PROGRAMME : \u00a0 Du DIM 1er au MAR 3 :\u00a0 Atelier construction de cuiseur [&hellip;]\" \/>\n<meta property=\"og:url\" content=\"https:\/\/vatelier.fr\/index.php\/fete-des-10-ans-du-val\/\" \/>\n<meta property=\"og:site_name\" content=\"Valence Atelier Libre\" \/>\n<meta property=\"article:modified_time\" content=\"2023-10-04T08:23:25+00:00\" \/>\n<meta property=\"og:image\" content=\"http:\/\/vatelier.fr\/wp-content\/uploads\/2023\/09\/programme1-10ans_web-724x1024.jpg\" \/>\n<meta name=\"twitter:card\" content=\"summary_large_image\" \/>\n<meta name=\"twitter:label1\" content=\"Dur\u00e9e de lecture estim\u00e9e\" \/>\n\t<meta name=\"twitter:data1\" content=\"7 minutes\" \/>\n<script type=\"application\/ld+json\" class=\"yoast-schema-graph\">{\"@context\":\"https:\\\/\\\/schema.org\",\"@graph\":[{\"@type\":\"WebPage\",\"@id\":\"https:\\\/\\\/vatelier.fr\\\/index.php\\\/fete-des-10-ans-du-val\\\/\",\"url\":\"https:\\\/\\\/vatelier.fr\\\/index.php\\\/fete-des-10-ans-du-val\\\/\",\"name\":\"F\u00eate des 10 ans du VAL - Valence Atelier Libre\",\"isPartOf\":{\"@id\":\"https:\\\/\\\/vatelier.fr\\\/#website\"},\"primaryImageOfPage\":{\"@id\":\"https:\\\/\\\/vatelier.fr\\\/index.php\\\/fete-des-10-ans-du-val\\\/#primaryimage\"},\"image\":{\"@id\":\"https:\\\/\\\/vatelier.fr\\\/index.php\\\/fete-des-10-ans-du-val\\\/#primaryimage\"},\"thumbnailUrl\":\"http:\\\/\\\/vatelier.fr\\\/wp-content\\\/uploads\\\/2023\\\/09\\\/programme1-10ans_web-724x1024.jpg\",\"datePublished\":\"2023-07-17T13:01:23+00:00\",\"dateModified\":\"2023-10-04T08:23:25+00:00\",\"breadcrumb\":{\"@id\":\"https:\\\/\\\/vatelier.fr\\\/index.php\\\/fete-des-10-ans-du-val\\\/#breadcrumb\"},\"inLanguage\":\"fr-FR\",\"potentialAction\":[{\"@type\":\"ReadAction\",\"target\":[\"https:\\\/\\\/vatelier.fr\\\/index.php\\\/fete-des-10-ans-du-val\\\/\"]}]},{\"@type\":\"ImageObject\",\"inLanguage\":\"fr-FR\",\"@id\":\"https:\\\/\\\/vatelier.fr\\\/index.php\\\/fete-des-10-ans-du-val\\\/#primaryimage\",\"url\":\"https:\\\/\\\/vatelier.fr\\\/wp-content\\\/uploads\\\/2023\\\/09\\\/programme1-10ans_web.jpg\",\"contentUrl\":\"https:\\\/\\\/vatelier.fr\\\/wp-content\\\/uploads\\\/2023\\\/09\\\/programme1-10ans_web.jpg\",\"width\":1250,\"height\":1768},{\"@type\":\"BreadcrumbList\",\"@id\":\"https:\\\/\\\/vatelier.fr\\\/index.php\\\/fete-des-10-ans-du-val\\\/#breadcrumb\",\"itemListElement\":[{\"@type\":\"ListItem\",\"position\":1,\"name\":\"Accueil\",\"item\":\"https:\\\/\\\/vatelier.fr\\\/\"},{\"@type\":\"ListItem\",\"position\":2,\"name\":\"F\u00eate des 10 ans du VAL\"}]},{\"@type\":\"WebSite\",\"@id\":\"https:\\\/\\\/vatelier.fr\\\/#website\",\"url\":\"https:\\\/\\\/vatelier.fr\\\/\",\"name\":\"Valence Atelier Libre\",\"description\":\"Association de partage de savoir-faire\",\"publisher\":{\"@id\":\"https:\\\/\\\/vatelier.fr\\\/#organization\"},\"potentialAction\":[{\"@type\":\"SearchAction\",\"target\":{\"@type\":\"EntryPoint\",\"urlTemplate\":\"https:\\\/\\\/vatelier.fr\\\/?s={search_term_string}\"},\"query-input\":{\"@type\":\"PropertyValueSpecification\",\"valueRequired\":true,\"valueName\":\"search_term_string\"}}],\"inLanguage\":\"fr-FR\"},{\"@type\":\"Organization\",\"@id\":\"https:\\\/\\\/vatelier.fr\\\/#organization\",\"name\":\"Valence Atelier Libre\",\"url\":\"https:\\\/\\\/vatelier.fr\\\/\",\"logo\":{\"@type\":\"ImageObject\",\"inLanguage\":\"fr-FR\",\"@id\":\"https:\\\/\\\/vatelier.fr\\\/#\\\/schema\\\/logo\\\/image\\\/\",\"url\":\"http:\\\/\\\/vatelier.fr\\\/wp-content\\\/uploads\\\/2016\\\/02\\\/logo-jeanne.png\",\"contentUrl\":\"http:\\\/\\\/vatelier.fr\\\/wp-content\\\/uploads\\\/2016\\\/02\\\/logo-jeanne.png\",\"width\":906,\"height\":843,\"caption\":\"Valence Atelier Libre\"},\"image\":{\"@id\":\"https:\\\/\\\/vatelier.fr\\\/#\\\/schema\\\/logo\\\/image\\\/\"}}]}<\/script>\n<!-- \/ Yoast SEO plugin. -->","yoast_head_json":{"title":"F\u00eate des 10 ans du VAL - Valence Atelier Libre","robots":{"index":"index","follow":"follow","max-snippet":"max-snippet:-1","max-image-preview":"max-image-preview:large","max-video-preview":"max-video-preview:-1"},"canonical":"https:\/\/vatelier.fr\/index.php\/fete-des-10-ans-du-val\/","og_locale":"fr_FR","og_type":"article","og_title":"F\u00eate des 10 ans du VAL - Valence Atelier Libre","og_description":"ATTENTION LE SPECTACLE POUR ENFANTS DU MERCREDI 4 OCT \u00e0 17h EST ANNULE !!! D\u00c9TAILS DU PROGRAMME : \u00a0 Du DIM 1er au MAR 3 :\u00a0 Atelier construction de cuiseur [&hellip;]","og_url":"https:\/\/vatelier.fr\/index.php\/fete-des-10-ans-du-val\/","og_site_name":"Valence Atelier Libre","article_modified_time":"2023-10-04T08:23:25+00:00","og_image":[{"url":"http:\/\/vatelier.fr\/wp-content\/uploads\/2023\/09\/programme1-10ans_web-724x1024.jpg","type":"","width":"","height":""}],"twitter_card":"summary_large_image","twitter_misc":{"Dur\u00e9e de lecture estim\u00e9e":"7 minutes"},"schema":{"@context":"https:\/\/schema.org","@graph":[{"@type":"WebPage","@id":"https:\/\/vatelier.fr\/index.php\/fete-des-10-ans-du-val\/","url":"https:\/\/vatelier.fr\/index.php\/fete-des-10-ans-du-val\/","name":"F\u00eate des 10 ans du VAL - Valence Atelier Libre","isPartOf":{"@id":"https:\/\/vatelier.fr\/#website"},"primaryImageOfPage":{"@id":"https:\/\/vatelier.fr\/index.php\/fete-des-10-ans-du-val\/#primaryimage"},"image":{"@id":"https:\/\/vatelier.fr\/index.php\/fete-des-10-ans-du-val\/#primaryimage"},"thumbnailUrl":"http:\/\/vatelier.fr\/wp-content\/uploads\/2023\/09\/programme1-10ans_web-724x1024.jpg","datePublished":"2023-07-17T13:01:23+00:00","dateModified":"2023-10-04T08:23:25+00:00","breadcrumb":{"@id":"https:\/\/vatelier.fr\/index.php\/fete-des-10-ans-du-val\/#breadcrumb"},"inLanguage":"fr-FR","potentialAction":[{"@type":"ReadAction","target":["https:\/\/vatelier.fr\/index.php\/fete-des-10-ans-du-val\/"]}]},{"@type":"ImageObject","inLanguage":"fr-FR","@id":"https:\/\/vatelier.fr\/index.php\/fete-des-10-ans-du-val\/#primaryimage","url":"https:\/\/vatelier.fr\/wp-content\/uploads\/2023\/09\/programme1-10ans_web.jpg","contentUrl":"https:\/\/vatelier.fr\/wp-content\/uploads\/2023\/09\/programme1-10ans_web.jpg","width":1250,"height":1768},{"@type":"BreadcrumbList","@id":"https:\/\/vatelier.fr\/index.php\/fete-des-10-ans-du-val\/#breadcrumb","itemListElement":[{"@type":"ListItem","position":1,"name":"Accueil","item":"https:\/\/vatelier.fr\/"},{"@type":"ListItem","position":2,"name":"F\u00eate des 10 ans du VAL"}]},{"@type":"WebSite","@id":"https:\/\/vatelier.fr\/#website","url":"https:\/\/vatelier.fr\/","name":"Valence Atelier Libre","description":"Association de partage de savoir-faire","publisher":{"@id":"https:\/\/vatelier.fr\/#organization"},"potentialAction":[{"@type":"SearchAction","target":{"@type":"EntryPoint","urlTemplate":"https:\/\/vatelier.fr\/?s={search_term_string}"},"query-input":{"@type":"PropertyValueSpecification","valueRequired":true,"valueName":"search_term_string"}}],"inLanguage":"fr-FR"},{"@type":"Organization","@id":"https:\/\/vatelier.fr\/#organization","name":"Valence Atelier Libre","url":"https:\/\/vatelier.fr\/","logo":{"@type":"ImageObject","inLanguage":"fr-FR","@id":"https:\/\/vatelier.fr\/#\/schema\/logo\/image\/","url":"http:\/\/vatelier.fr\/wp-content\/uploads\/2016\/02\/logo-jeanne.png","contentUrl":"http:\/\/vatelier.fr\/wp-content\/uploads\/2016\/02\/logo-jeanne.png","width":906,"height":843,"caption":"Valence Atelier Libre"},"image":{"@id":"https:\/\/vatelier.fr\/#\/schema\/logo\/image\/"}}]}},"_links":{"self":[{"href":"https:\/\/vatelier.fr\/index.php\/wp-json\/wp\/v2\/pages\/2528","targetHints":{"allow":["GET"]}}],"collection":[{"href":"https:\/\/vatelier.fr\/index.php\/wp-json\/wp\/v2\/pages"}],"about":[{"href":"https:\/\/vatelier.fr\/index.php\/wp-json\/wp\/v2\/types\/page"}],"author":[{"embeddable":true,"href":"https:\/\/vatelier.fr\/index.php\/wp-json\/wp\/v2\/users\/1"}],"replies":[{"embeddable":true,"href":"https:\/\/vatelier.fr\/index.php\/wp-json\/wp\/v2\/comments?post=2528"}],"version-history":[{"count":29,"href":"https:\/\/vatelier.fr\/index.php\/wp-json\/wp\/v2\/pages\/2528\/revisions"}],"predecessor-version":[{"id":2676,"href":"https:\/\/vatelier.fr\/index.php\/wp-json\/wp\/v2\/pages\/2528\/revisions\/2676"}],"wp:attachment":[{"href":"https:\/\/vatelier.fr\/index.php\/wp-json\/wp\/v2\/media?parent=2528"}],"curies":[{"name":"wp","href":"https:\/\/api.w.org\/{rel}","templated":true}]}}