{"id":540,"date":"2016-12-25T21:02:51","date_gmt":"2016-12-25T20:02:51","guid":{"rendered":"http:\/\/vatelier.fr\/?page_id=540"},"modified":"2019-11-21T11:21:11","modified_gmt":"2019-11-21T09:21:11","slug":"mise-a-disposition-de-lespace-de-travail-de-loutillage","status":"publish","type":"page","link":"https:\/\/vatelier.fr\/index.php\/mise-a-disposition-de-lespace-de-travail-de-loutillage\/","title":{"rendered":"Acc\u00e8s libre \u00e0 l&rsquo;atelier et \u00e0 l&rsquo;outillage"},"content":{"rendered":"<p><span style=\"color: #000000;\">Le Valence Atelier Libre partage un local en centre ville avec d&rsquo;autres associations, une entreprise, des artisans. Les diff\u00e9rents espaces de travail ne sont pas cloisonn\u00e9s. Ainsi on trouve un espace pour la travail de la m\u00e9canique (\u00e9quip\u00e9 d&rsquo;un pont \u00e9l\u00e9vateur &lt;3,2T), un espace de travail du bois, un autre pour le m\u00e9tal, de grands espaces communs pour les projets volumineux, et \u00e0 l&rsquo;\u00e9tage une salle pour le travail du textile, la documentation, les petits travaux propres (type vannerie, cuir, travail du papier ou du carton, etc).<\/span><\/p>\n<p><span style=\"color: #000000;\">Concr\u00e8tement, chaque adh\u00e9rent peut avoir acc\u00e8s aux espaces de travail et peut utiliser l&rsquo;outillage appartenant \u00e0 l&rsquo;association pour mener \u00e0 bien son projet, qu&rsquo;il s&rsquo;agisse de raccommoder un jean, de fabriquer les \u00e9l\u00e9ments de son poulailler ou encore de changer ses freins.<\/span><\/p>\n<p><strong><span style=\"color: #000000;\">Nous invitons les adh\u00e9rents \u00e0 syst\u00e9matiquement envoyer un mail \u00e0 contact(at)vatelier.fr en amont afin de s&rsquo;assurer que l&rsquo;espace est disponible, que nous disposons des outils n\u00e9cessaires et que quelqu&rsquo;un sera l\u00e0 pour lui ouvrir la porte!<\/span><\/strong><\/p>\n<p><span style=\"color: #000000;\"><img loading=\"lazy\" decoding=\"async\" class=\"wp-image-543 aligncenter\" src=\"http:\/\/vatelier.fr\/wp-content\/uploads\/2016\/12\/DSC00594-1024x576.jpg\" alt=\"dsc00594\" width=\"558\" height=\"314\" srcset=\"https:\/\/vatelier.fr\/wp-content\/uploads\/2016\/12\/DSC00594-1024x576.jpg 1024w, https:\/\/vatelier.fr\/wp-content\/uploads\/2016\/12\/DSC00594-300x169.jpg 300w, https:\/\/vatelier.fr\/wp-content\/uploads\/2016\/12\/DSC00594-768x432.jpg 768w, https:\/\/vatelier.fr\/wp-content\/uploads\/2016\/12\/DSC00594-750x422.jpg 750w, https:\/\/vatelier.fr\/wp-content\/uploads\/2016\/12\/DSC00594-400x225.jpg 400w, https:\/\/vatelier.fr\/wp-content\/uploads\/2016\/12\/DSC00594-430x242.jpg 430w, https:\/\/vatelier.fr\/wp-content\/uploads\/2016\/12\/DSC00594-150x84.jpg 150w, https:\/\/vatelier.fr\/wp-content\/uploads\/2016\/12\/DSC00594-100x56.jpg 100w\" sizes=\"auto, (max-width: 558px) 100vw, 558px\" \/><\/span><\/p>\n<p><img loading=\"lazy\" decoding=\"async\" class=\"wp-image-541 aligncenter\" src=\"http:\/\/vatelier.fr\/wp-content\/uploads\/2016\/12\/IMG_2899_1-1024x683.jpg\" alt=\"img_2899_1\" width=\"557\" height=\"371\" srcset=\"https:\/\/vatelier.fr\/wp-content\/uploads\/2016\/12\/IMG_2899_1-1024x683.jpg 1024w, https:\/\/vatelier.fr\/wp-content\/uploads\/2016\/12\/IMG_2899_1-300x200.jpg 300w, https:\/\/vatelier.fr\/wp-content\/uploads\/2016\/12\/IMG_2899_1-768x512.jpg 768w, https:\/\/vatelier.fr\/wp-content\/uploads\/2016\/12\/IMG_2899_1-750x500.jpg 750w, https:\/\/vatelier.fr\/wp-content\/uploads\/2016\/12\/IMG_2899_1-400x267.jpg 400w, https:\/\/vatelier.fr\/wp-content\/uploads\/2016\/12\/IMG_2899_1-430x287.jpg 430w, https:\/\/vatelier.fr\/wp-content\/uploads\/2016\/12\/IMG_2899_1-150x100.jpg 150w, https:\/\/vatelier.fr\/wp-content\/uploads\/2016\/12\/IMG_2899_1-100x67.jpg 100w\" sizes=\"auto, (max-width: 557px) 100vw, 557px\" \/><\/p>\n<p><img loading=\"lazy\" decoding=\"async\" class=\"wp-image-542 aligncenter\" src=\"http:\/\/vatelier.fr\/wp-content\/uploads\/2016\/12\/IMG_2900_1-1024x683.jpg\" alt=\"img_2900_1\" width=\"557\" height=\"371\" srcset=\"https:\/\/vatelier.fr\/wp-content\/uploads\/2016\/12\/IMG_2900_1-1024x683.jpg 1024w, https:\/\/vatelier.fr\/wp-content\/uploads\/2016\/12\/IMG_2900_1-300x200.jpg 300w, https:\/\/vatelier.fr\/wp-content\/uploads\/2016\/12\/IMG_2900_1-768x512.jpg 768w, https:\/\/vatelier.fr\/wp-content\/uploads\/2016\/12\/IMG_2900_1-750x500.jpg 750w, https:\/\/vatelier.fr\/wp-content\/uploads\/2016\/12\/IMG_2900_1-400x267.jpg 400w, https:\/\/vatelier.fr\/wp-content\/uploads\/2016\/12\/IMG_2900_1-430x287.jpg 430w, https:\/\/vatelier.fr\/wp-content\/uploads\/2016\/12\/IMG_2900_1-150x100.jpg 150w, https:\/\/vatelier.fr\/wp-content\/uploads\/2016\/12\/IMG_2900_1-100x67.jpg 100w\" sizes=\"auto, (max-width: 557px) 100vw, 557px\" \/><\/p>\n<p><img loading=\"lazy\" decoding=\"async\" class=\"wp-image-544 aligncenter\" src=\"http:\/\/vatelier.fr\/wp-content\/uploads\/2016\/12\/chantier_proto_neo_bucher_fev_2015_valence_3_-1024x768.jpg\" alt=\"chantier_proto_neo_bucher_fev_2015_valence_3_\" width=\"557\" height=\"418\" srcset=\"https:\/\/vatelier.fr\/wp-content\/uploads\/2016\/12\/chantier_proto_neo_bucher_fev_2015_valence_3_-1024x768.jpg 1024w, https:\/\/vatelier.fr\/wp-content\/uploads\/2016\/12\/chantier_proto_neo_bucher_fev_2015_valence_3_-300x225.jpg 300w, https:\/\/vatelier.fr\/wp-content\/uploads\/2016\/12\/chantier_proto_neo_bucher_fev_2015_valence_3_-768x576.jpg 768w, https:\/\/vatelier.fr\/wp-content\/uploads\/2016\/12\/chantier_proto_neo_bucher_fev_2015_valence_3_-750x563.jpg 750w, https:\/\/vatelier.fr\/wp-content\/uploads\/2016\/12\/chantier_proto_neo_bucher_fev_2015_valence_3_-400x300.jpg 400w, https:\/\/vatelier.fr\/wp-content\/uploads\/2016\/12\/chantier_proto_neo_bucher_fev_2015_valence_3_-430x323.jpg 430w, https:\/\/vatelier.fr\/wp-content\/uploads\/2016\/12\/chantier_proto_neo_bucher_fev_2015_valence_3_-150x113.jpg 150w, https:\/\/vatelier.fr\/wp-content\/uploads\/2016\/12\/chantier_proto_neo_bucher_fev_2015_valence_3_-100x75.jpg 100w\" sizes=\"auto, (max-width: 557px) 100vw, 557px\" \/><\/p>\n","protected":false},"excerpt":{"rendered":"<p>Le Valence Atelier Libre partage un local en centre ville avec d&rsquo;autres associations, une entreprise, des artisans. Les diff\u00e9rents espaces de travail ne sont pas cloisonn\u00e9s. Ainsi on trouve un [&hellip;]<\/p>\n","protected":false},"author":1,"featured_media":0,"parent":0,"menu_order":0,"comment_status":"closed","ping_status":"closed","template":"","meta":{"footnotes":""},"class_list":["post-540","page","type-page","status-publish","hentry"],"yoast_head":"<!-- This site is optimized with the Yoast SEO plugin v27.5 - https:\/\/yoast.com\/product\/yoast-seo-wordpress\/ -->\n<title>Acc\u00e8s libre \u00e0 l&#039;atelier et \u00e0 l&#039;outillage - Valence Atelier Libre<\/title>\n<meta name=\"robots\" content=\"index, follow, max-snippet:-1, max-image-preview:large, max-video-preview:-1\" \/>\n<link rel=\"canonical\" href=\"https:\/\/vatelier.fr\/index.php\/mise-a-disposition-de-lespace-de-travail-de-loutillage\/\" \/>\n<meta property=\"og:locale\" content=\"fr_FR\" \/>\n<meta property=\"og:type\" content=\"article\" \/>\n<meta property=\"og:title\" content=\"Acc\u00e8s libre \u00e0 l&#039;atelier et \u00e0 l&#039;outillage - Valence Atelier Libre\" \/>\n<meta property=\"og:description\" content=\"Le Valence Atelier Libre partage un local en centre ville avec d&rsquo;autres associations, une entreprise, des artisans. Les diff\u00e9rents espaces de travail ne sont pas cloisonn\u00e9s. Ainsi on trouve un [&hellip;]\" \/>\n<meta property=\"og:url\" content=\"https:\/\/vatelier.fr\/index.php\/mise-a-disposition-de-lespace-de-travail-de-loutillage\/\" \/>\n<meta property=\"og:site_name\" content=\"Valence Atelier Libre\" \/>\n<meta property=\"article:modified_time\" content=\"2019-11-21T09:21:11+00:00\" \/>\n<meta property=\"og:image\" content=\"http:\/\/vatelier.fr\/wp-content\/uploads\/2016\/12\/DSC00594-1024x576.jpg\" \/>\n<meta name=\"twitter:card\" content=\"summary_large_image\" \/>\n<meta name=\"twitter:label1\" content=\"Dur\u00e9e de lecture estim\u00e9e\" \/>\n\t<meta name=\"twitter:data1\" content=\"1 minute\" \/>\n<script type=\"application\/ld+json\" class=\"yoast-schema-graph\">{\"@context\":\"https:\\\/\\\/schema.org\",\"@graph\":[{\"@type\":\"WebPage\",\"@id\":\"https:\\\/\\\/vatelier.fr\\\/index.php\\\/mise-a-disposition-de-lespace-de-travail-de-loutillage\\\/\",\"url\":\"https:\\\/\\\/vatelier.fr\\\/index.php\\\/mise-a-disposition-de-lespace-de-travail-de-loutillage\\\/\",\"name\":\"Acc\u00e8s libre \u00e0 l'atelier et \u00e0 l'outillage - Valence Atelier Libre\",\"isPartOf\":{\"@id\":\"https:\\\/\\\/vatelier.fr\\\/#website\"},\"primaryImageOfPage\":{\"@id\":\"https:\\\/\\\/vatelier.fr\\\/index.php\\\/mise-a-disposition-de-lespace-de-travail-de-loutillage\\\/#primaryimage\"},\"image\":{\"@id\":\"https:\\\/\\\/vatelier.fr\\\/index.php\\\/mise-a-disposition-de-lespace-de-travail-de-loutillage\\\/#primaryimage\"},\"thumbnailUrl\":\"http:\\\/\\\/vatelier.fr\\\/wp-content\\\/uploads\\\/2016\\\/12\\\/DSC00594-1024x576.jpg\",\"datePublished\":\"2016-12-25T20:02:51+00:00\",\"dateModified\":\"2019-11-21T09:21:11+00:00\",\"breadcrumb\":{\"@id\":\"https:\\\/\\\/vatelier.fr\\\/index.php\\\/mise-a-disposition-de-lespace-de-travail-de-loutillage\\\/#breadcrumb\"},\"inLanguage\":\"fr-FR\",\"potentialAction\":[{\"@type\":\"ReadAction\",\"target\":[\"https:\\\/\\\/vatelier.fr\\\/index.php\\\/mise-a-disposition-de-lespace-de-travail-de-loutillage\\\/\"]}]},{\"@type\":\"ImageObject\",\"inLanguage\":\"fr-FR\",\"@id\":\"https:\\\/\\\/vatelier.fr\\\/index.php\\\/mise-a-disposition-de-lespace-de-travail-de-loutillage\\\/#primaryimage\",\"url\":\"https:\\\/\\\/vatelier.fr\\\/wp-content\\\/uploads\\\/2016\\\/12\\\/DSC00594.jpg\",\"contentUrl\":\"https:\\\/\\\/vatelier.fr\\\/wp-content\\\/uploads\\\/2016\\\/12\\\/DSC00594.jpg\",\"width\":5472,\"height\":3080},{\"@type\":\"BreadcrumbList\",\"@id\":\"https:\\\/\\\/vatelier.fr\\\/index.php\\\/mise-a-disposition-de-lespace-de-travail-de-loutillage\\\/#breadcrumb\",\"itemListElement\":[{\"@type\":\"ListItem\",\"position\":1,\"name\":\"Accueil\",\"item\":\"https:\\\/\\\/vatelier.fr\\\/\"},{\"@type\":\"ListItem\",\"position\":2,\"name\":\"Acc\u00e8s libre \u00e0 l&rsquo;atelier et \u00e0 l&rsquo;outillage\"}]},{\"@type\":\"WebSite\",\"@id\":\"https:\\\/\\\/vatelier.fr\\\/#website\",\"url\":\"https:\\\/\\\/vatelier.fr\\\/\",\"name\":\"Valence Atelier Libre\",\"description\":\"Association de partage de savoir-faire\",\"publisher\":{\"@id\":\"https:\\\/\\\/vatelier.fr\\\/#organization\"},\"potentialAction\":[{\"@type\":\"SearchAction\",\"target\":{\"@type\":\"EntryPoint\",\"urlTemplate\":\"https:\\\/\\\/vatelier.fr\\\/?s={search_term_string}\"},\"query-input\":{\"@type\":\"PropertyValueSpecification\",\"valueRequired\":true,\"valueName\":\"search_term_string\"}}],\"inLanguage\":\"fr-FR\"},{\"@type\":\"Organization\",\"@id\":\"https:\\\/\\\/vatelier.fr\\\/#organization\",\"name\":\"Valence Atelier Libre\",\"url\":\"https:\\\/\\\/vatelier.fr\\\/\",\"logo\":{\"@type\":\"ImageObject\",\"inLanguage\":\"fr-FR\",\"@id\":\"https:\\\/\\\/vatelier.fr\\\/#\\\/schema\\\/logo\\\/image\\\/\",\"url\":\"http:\\\/\\\/vatelier.fr\\\/wp-content\\\/uploads\\\/2016\\\/02\\\/logo-jeanne.png\",\"contentUrl\":\"http:\\\/\\\/vatelier.fr\\\/wp-content\\\/uploads\\\/2016\\\/02\\\/logo-jeanne.png\",\"width\":906,\"height\":843,\"caption\":\"Valence Atelier Libre\"},\"image\":{\"@id\":\"https:\\\/\\\/vatelier.fr\\\/#\\\/schema\\\/logo\\\/image\\\/\"}}]}<\/script>\n<!-- \/ Yoast SEO plugin. -->","yoast_head_json":{"title":"Acc\u00e8s libre \u00e0 l'atelier et \u00e0 l'outillage - Valence Atelier Libre","robots":{"index":"index","follow":"follow","max-snippet":"max-snippet:-1","max-image-preview":"max-image-preview:large","max-video-preview":"max-video-preview:-1"},"canonical":"https:\/\/vatelier.fr\/index.php\/mise-a-disposition-de-lespace-de-travail-de-loutillage\/","og_locale":"fr_FR","og_type":"article","og_title":"Acc\u00e8s libre \u00e0 l'atelier et \u00e0 l'outillage - Valence Atelier Libre","og_description":"Le Valence Atelier Libre partage un local en centre ville avec d&rsquo;autres associations, une entreprise, des artisans. Les diff\u00e9rents espaces de travail ne sont pas cloisonn\u00e9s. Ainsi on trouve un [&hellip;]","og_url":"https:\/\/vatelier.fr\/index.php\/mise-a-disposition-de-lespace-de-travail-de-loutillage\/","og_site_name":"Valence Atelier Libre","article_modified_time":"2019-11-21T09:21:11+00:00","og_image":[{"url":"http:\/\/vatelier.fr\/wp-content\/uploads\/2016\/12\/DSC00594-1024x576.jpg","type":"","width":"","height":""}],"twitter_card":"summary_large_image","twitter_misc":{"Dur\u00e9e de lecture estim\u00e9e":"1 minute"},"schema":{"@context":"https:\/\/schema.org","@graph":[{"@type":"WebPage","@id":"https:\/\/vatelier.fr\/index.php\/mise-a-disposition-de-lespace-de-travail-de-loutillage\/","url":"https:\/\/vatelier.fr\/index.php\/mise-a-disposition-de-lespace-de-travail-de-loutillage\/","name":"Acc\u00e8s libre \u00e0 l'atelier et \u00e0 l'outillage - Valence Atelier Libre","isPartOf":{"@id":"https:\/\/vatelier.fr\/#website"},"primaryImageOfPage":{"@id":"https:\/\/vatelier.fr\/index.php\/mise-a-disposition-de-lespace-de-travail-de-loutillage\/#primaryimage"},"image":{"@id":"https:\/\/vatelier.fr\/index.php\/mise-a-disposition-de-lespace-de-travail-de-loutillage\/#primaryimage"},"thumbnailUrl":"http:\/\/vatelier.fr\/wp-content\/uploads\/2016\/12\/DSC00594-1024x576.jpg","datePublished":"2016-12-25T20:02:51+00:00","dateModified":"2019-11-21T09:21:11+00:00","breadcrumb":{"@id":"https:\/\/vatelier.fr\/index.php\/mise-a-disposition-de-lespace-de-travail-de-loutillage\/#breadcrumb"},"inLanguage":"fr-FR","potentialAction":[{"@type":"ReadAction","target":["https:\/\/vatelier.fr\/index.php\/mise-a-disposition-de-lespace-de-travail-de-loutillage\/"]}]},{"@type":"ImageObject","inLanguage":"fr-FR","@id":"https:\/\/vatelier.fr\/index.php\/mise-a-disposition-de-lespace-de-travail-de-loutillage\/#primaryimage","url":"https:\/\/vatelier.fr\/wp-content\/uploads\/2016\/12\/DSC00594.jpg","contentUrl":"https:\/\/vatelier.fr\/wp-content\/uploads\/2016\/12\/DSC00594.jpg","width":5472,"height":3080},{"@type":"BreadcrumbList","@id":"https:\/\/vatelier.fr\/index.php\/mise-a-disposition-de-lespace-de-travail-de-loutillage\/#breadcrumb","itemListElement":[{"@type":"ListItem","position":1,"name":"Accueil","item":"https:\/\/vatelier.fr\/"},{"@type":"ListItem","position":2,"name":"Acc\u00e8s libre \u00e0 l&rsquo;atelier et \u00e0 l&rsquo;outillage"}]},{"@type":"WebSite","@id":"https:\/\/vatelier.fr\/#website","url":"https:\/\/vatelier.fr\/","name":"Valence Atelier Libre","description":"Association de partage de savoir-faire","publisher":{"@id":"https:\/\/vatelier.fr\/#organization"},"potentialAction":[{"@type":"SearchAction","target":{"@type":"EntryPoint","urlTemplate":"https:\/\/vatelier.fr\/?s={search_term_string}"},"query-input":{"@type":"PropertyValueSpecification","valueRequired":true,"valueName":"search_term_string"}}],"inLanguage":"fr-FR"},{"@type":"Organization","@id":"https:\/\/vatelier.fr\/#organization","name":"Valence Atelier Libre","url":"https:\/\/vatelier.fr\/","logo":{"@type":"ImageObject","inLanguage":"fr-FR","@id":"https:\/\/vatelier.fr\/#\/schema\/logo\/image\/","url":"http:\/\/vatelier.fr\/wp-content\/uploads\/2016\/02\/logo-jeanne.png","contentUrl":"http:\/\/vatelier.fr\/wp-content\/uploads\/2016\/02\/logo-jeanne.png","width":906,"height":843,"caption":"Valence Atelier Libre"},"image":{"@id":"https:\/\/vatelier.fr\/#\/schema\/logo\/image\/"}}]}},"_links":{"self":[{"href":"https:\/\/vatelier.fr\/index.php\/wp-json\/wp\/v2\/pages\/540","targetHints":{"allow":["GET"]}}],"collection":[{"href":"https:\/\/vatelier.fr\/index.php\/wp-json\/wp\/v2\/pages"}],"about":[{"href":"https:\/\/vatelier.fr\/index.php\/wp-json\/wp\/v2\/types\/page"}],"author":[{"embeddable":true,"href":"https:\/\/vatelier.fr\/index.php\/wp-json\/wp\/v2\/users\/1"}],"replies":[{"embeddable":true,"href":"https:\/\/vatelier.fr\/index.php\/wp-json\/wp\/v2\/comments?post=540"}],"version-history":[{"count":7,"href":"https:\/\/vatelier.fr\/index.php\/wp-json\/wp\/v2\/pages\/540\/revisions"}],"predecessor-version":[{"id":1299,"href":"https:\/\/vatelier.fr\/index.php\/wp-json\/wp\/v2\/pages\/540\/revisions\/1299"}],"wp:attachment":[{"href":"https:\/\/vatelier.fr\/index.php\/wp-json\/wp\/v2\/media?parent=540"}],"curies":[{"name":"wp","href":"https:\/\/api.w.org\/{rel}","templated":true}]}}