{"id":554,"date":"2016-12-25T21:30:49","date_gmt":"2016-12-25T20:30:49","guid":{"rendered":"http:\/\/vatelier.fr\/?page_id=554"},"modified":"2016-12-25T21:31:07","modified_gmt":"2016-12-25T20:31:07","slug":"on-se-rencontre","status":"publish","type":"page","link":"https:\/\/vatelier.fr\/index.php\/on-se-rencontre\/","title":{"rendered":"On se rencontre !"},"content":{"rendered":"<p>Deux fois par an, le Valence Atelier Libre rev\u00eat ses plus belles d\u00e9corations et invite les plus beaux musiciens et artistes du coin pour partager un moment festif avec ses adh\u00e9rents.<\/p>\n<p>Tous les mois, il met \u00e0 disposition son espace pour des temps d&rsquo;\u00e9change, des rencontres \u00e0 th\u00e8me : faire du lien entre les id\u00e9es, \u00e7a passe d&rsquo;abord par aider les gens \u00e0 se rencontrer! Ces dates sont syst\u00e9matiquement pr\u00e9sent\u00e9es dans le programme mensuel : impossible de les rater!<\/p>\n<p><img loading=\"lazy\" decoding=\"async\" class=\"wp-image-555  aligncenter\" src=\"http:\/\/vatelier.fr\/wp-content\/uploads\/2016\/12\/PC060143-768x1024.jpg\" alt=\"OLYMPUS DIGITAL CAMERA\" width=\"500\" height=\"667\" srcset=\"https:\/\/vatelier.fr\/wp-content\/uploads\/2016\/12\/PC060143-768x1024.jpg 768w, https:\/\/vatelier.fr\/wp-content\/uploads\/2016\/12\/PC060143-225x300.jpg 225w, https:\/\/vatelier.fr\/wp-content\/uploads\/2016\/12\/PC060143-750x1000.jpg 750w, https:\/\/vatelier.fr\/wp-content\/uploads\/2016\/12\/PC060143-400x533.jpg 400w, https:\/\/vatelier.fr\/wp-content\/uploads\/2016\/12\/PC060143-430x573.jpg 430w, https:\/\/vatelier.fr\/wp-content\/uploads\/2016\/12\/PC060143-150x200.jpg 150w, https:\/\/vatelier.fr\/wp-content\/uploads\/2016\/12\/PC060143-100x133.jpg 100w\" sizes=\"auto, (max-width: 500px) 100vw, 500px\" \/><\/p>\n<p><img loading=\"lazy\" decoding=\"async\" class=\"wp-image-556 aligncenter\" src=\"http:\/\/vatelier.fr\/wp-content\/uploads\/2016\/12\/PC060175-1024x768.jpg\" alt=\"\" width=\"498\" height=\"374\" srcset=\"https:\/\/vatelier.fr\/wp-content\/uploads\/2016\/12\/PC060175-1024x768.jpg 1024w, https:\/\/vatelier.fr\/wp-content\/uploads\/2016\/12\/PC060175-300x225.jpg 300w, https:\/\/vatelier.fr\/wp-content\/uploads\/2016\/12\/PC060175-768x576.jpg 768w, https:\/\/vatelier.fr\/wp-content\/uploads\/2016\/12\/PC060175-750x563.jpg 750w, https:\/\/vatelier.fr\/wp-content\/uploads\/2016\/12\/PC060175-400x300.jpg 400w, https:\/\/vatelier.fr\/wp-content\/uploads\/2016\/12\/PC060175-430x323.jpg 430w, https:\/\/vatelier.fr\/wp-content\/uploads\/2016\/12\/PC060175-150x113.jpg 150w, https:\/\/vatelier.fr\/wp-content\/uploads\/2016\/12\/PC060175-100x75.jpg 100w\" sizes=\"auto, (max-width: 498px) 100vw, 498px\" \/><\/p>\n<p>&nbsp;<\/p>\n<p><img loading=\"lazy\" decoding=\"async\" class=\"wp-image-557 aligncenter\" src=\"http:\/\/vatelier.fr\/wp-content\/uploads\/2016\/12\/IMG_3239_1-1024x683.jpg\" alt=\"\" width=\"501\" height=\"334\" srcset=\"https:\/\/vatelier.fr\/wp-content\/uploads\/2016\/12\/IMG_3239_1-1024x683.jpg 1024w, https:\/\/vatelier.fr\/wp-content\/uploads\/2016\/12\/IMG_3239_1-300x200.jpg 300w, https:\/\/vatelier.fr\/wp-content\/uploads\/2016\/12\/IMG_3239_1-768x512.jpg 768w, https:\/\/vatelier.fr\/wp-content\/uploads\/2016\/12\/IMG_3239_1-750x500.jpg 750w, https:\/\/vatelier.fr\/wp-content\/uploads\/2016\/12\/IMG_3239_1-400x267.jpg 400w, https:\/\/vatelier.fr\/wp-content\/uploads\/2016\/12\/IMG_3239_1-430x287.jpg 430w, https:\/\/vatelier.fr\/wp-content\/uploads\/2016\/12\/IMG_3239_1-150x100.jpg 150w, https:\/\/vatelier.fr\/wp-content\/uploads\/2016\/12\/IMG_3239_1-100x67.jpg 100w\" sizes=\"auto, (max-width: 501px) 100vw, 501px\" \/><\/p>\n<p>&nbsp;<\/p>\n<p><img loading=\"lazy\" decoding=\"async\" class=\"aligncenter wp-image-558 \" src=\"http:\/\/vatelier.fr\/wp-content\/uploads\/2016\/12\/IMG_3375_1-1024x683.jpg\" alt=\"\" width=\"501\" height=\"334\" srcset=\"https:\/\/vatelier.fr\/wp-content\/uploads\/2016\/12\/IMG_3375_1-1024x683.jpg 1024w, https:\/\/vatelier.fr\/wp-content\/uploads\/2016\/12\/IMG_3375_1-300x200.jpg 300w, https:\/\/vatelier.fr\/wp-content\/uploads\/2016\/12\/IMG_3375_1-768x512.jpg 768w, https:\/\/vatelier.fr\/wp-content\/uploads\/2016\/12\/IMG_3375_1-750x500.jpg 750w, https:\/\/vatelier.fr\/wp-content\/uploads\/2016\/12\/IMG_3375_1-400x267.jpg 400w, https:\/\/vatelier.fr\/wp-content\/uploads\/2016\/12\/IMG_3375_1-430x287.jpg 430w, https:\/\/vatelier.fr\/wp-content\/uploads\/2016\/12\/IMG_3375_1-150x100.jpg 150w, https:\/\/vatelier.fr\/wp-content\/uploads\/2016\/12\/IMG_3375_1-100x67.jpg 100w\" sizes=\"auto, (max-width: 501px) 100vw, 501px\" \/><\/p>\n<p>&nbsp;<\/p>\n","protected":false},"excerpt":{"rendered":"<p>Deux fois par an, le Valence Atelier Libre rev\u00eat ses plus belles d\u00e9corations et invite les plus beaux musiciens et artistes du coin pour partager un moment festif avec ses [&hellip;]<\/p>\n","protected":false},"author":1,"featured_media":0,"parent":0,"menu_order":0,"comment_status":"closed","ping_status":"closed","template":"","meta":{"footnotes":""},"class_list":["post-554","page","type-page","status-publish","hentry"],"yoast_head":"<!-- This site is optimized with the Yoast SEO plugin v27.5 - https:\/\/yoast.com\/product\/yoast-seo-wordpress\/ -->\n<title>On se rencontre ! - Valence Atelier Libre<\/title>\n<meta name=\"robots\" content=\"index, follow, max-snippet:-1, max-image-preview:large, max-video-preview:-1\" \/>\n<link rel=\"canonical\" href=\"https:\/\/vatelier.fr\/index.php\/on-se-rencontre\/\" \/>\n<meta property=\"og:locale\" content=\"fr_FR\" \/>\n<meta property=\"og:type\" content=\"article\" \/>\n<meta property=\"og:title\" content=\"On se rencontre ! - Valence Atelier Libre\" \/>\n<meta property=\"og:description\" content=\"Deux fois par an, le Valence Atelier Libre rev\u00eat ses plus belles d\u00e9corations et invite les plus beaux musiciens et artistes du coin pour partager un moment festif avec ses [&hellip;]\" \/>\n<meta property=\"og:url\" content=\"https:\/\/vatelier.fr\/index.php\/on-se-rencontre\/\" \/>\n<meta property=\"og:site_name\" content=\"Valence Atelier Libre\" \/>\n<meta property=\"article:modified_time\" content=\"2016-12-25T20:31:07+00:00\" \/>\n<meta property=\"og:image\" content=\"http:\/\/vatelier.fr\/wp-content\/uploads\/2016\/12\/PC060143-768x1024.jpg\" \/>\n<meta name=\"twitter:card\" content=\"summary_large_image\" \/>\n<script type=\"application\/ld+json\" class=\"yoast-schema-graph\">{\"@context\":\"https:\\\/\\\/schema.org\",\"@graph\":[{\"@type\":\"WebPage\",\"@id\":\"https:\\\/\\\/vatelier.fr\\\/index.php\\\/on-se-rencontre\\\/\",\"url\":\"https:\\\/\\\/vatelier.fr\\\/index.php\\\/on-se-rencontre\\\/\",\"name\":\"On se rencontre ! - Valence Atelier Libre\",\"isPartOf\":{\"@id\":\"https:\\\/\\\/vatelier.fr\\\/#website\"},\"primaryImageOfPage\":{\"@id\":\"https:\\\/\\\/vatelier.fr\\\/index.php\\\/on-se-rencontre\\\/#primaryimage\"},\"image\":{\"@id\":\"https:\\\/\\\/vatelier.fr\\\/index.php\\\/on-se-rencontre\\\/#primaryimage\"},\"thumbnailUrl\":\"http:\\\/\\\/vatelier.fr\\\/wp-content\\\/uploads\\\/2016\\\/12\\\/PC060143-768x1024.jpg\",\"datePublished\":\"2016-12-25T20:30:49+00:00\",\"dateModified\":\"2016-12-25T20:31:07+00:00\",\"breadcrumb\":{\"@id\":\"https:\\\/\\\/vatelier.fr\\\/index.php\\\/on-se-rencontre\\\/#breadcrumb\"},\"inLanguage\":\"fr-FR\",\"potentialAction\":[{\"@type\":\"ReadAction\",\"target\":[\"https:\\\/\\\/vatelier.fr\\\/index.php\\\/on-se-rencontre\\\/\"]}]},{\"@type\":\"ImageObject\",\"inLanguage\":\"fr-FR\",\"@id\":\"https:\\\/\\\/vatelier.fr\\\/index.php\\\/on-se-rencontre\\\/#primaryimage\",\"url\":\"https:\\\/\\\/vatelier.fr\\\/wp-content\\\/uploads\\\/2016\\\/12\\\/PC060143.jpg\",\"contentUrl\":\"https:\\\/\\\/vatelier.fr\\\/wp-content\\\/uploads\\\/2016\\\/12\\\/PC060143.jpg\",\"width\":2976,\"height\":3968,\"caption\":\"OLYMPUS DIGITAL CAMERA\"},{\"@type\":\"BreadcrumbList\",\"@id\":\"https:\\\/\\\/vatelier.fr\\\/index.php\\\/on-se-rencontre\\\/#breadcrumb\",\"itemListElement\":[{\"@type\":\"ListItem\",\"position\":1,\"name\":\"Accueil\",\"item\":\"https:\\\/\\\/vatelier.fr\\\/\"},{\"@type\":\"ListItem\",\"position\":2,\"name\":\"On se rencontre !\"}]},{\"@type\":\"WebSite\",\"@id\":\"https:\\\/\\\/vatelier.fr\\\/#website\",\"url\":\"https:\\\/\\\/vatelier.fr\\\/\",\"name\":\"Valence Atelier Libre\",\"description\":\"Association de partage de savoir-faire\",\"publisher\":{\"@id\":\"https:\\\/\\\/vatelier.fr\\\/#organization\"},\"potentialAction\":[{\"@type\":\"SearchAction\",\"target\":{\"@type\":\"EntryPoint\",\"urlTemplate\":\"https:\\\/\\\/vatelier.fr\\\/?s={search_term_string}\"},\"query-input\":{\"@type\":\"PropertyValueSpecification\",\"valueRequired\":true,\"valueName\":\"search_term_string\"}}],\"inLanguage\":\"fr-FR\"},{\"@type\":\"Organization\",\"@id\":\"https:\\\/\\\/vatelier.fr\\\/#organization\",\"name\":\"Valence Atelier Libre\",\"url\":\"https:\\\/\\\/vatelier.fr\\\/\",\"logo\":{\"@type\":\"ImageObject\",\"inLanguage\":\"fr-FR\",\"@id\":\"https:\\\/\\\/vatelier.fr\\\/#\\\/schema\\\/logo\\\/image\\\/\",\"url\":\"http:\\\/\\\/vatelier.fr\\\/wp-content\\\/uploads\\\/2016\\\/02\\\/logo-jeanne.png\",\"contentUrl\":\"http:\\\/\\\/vatelier.fr\\\/wp-content\\\/uploads\\\/2016\\\/02\\\/logo-jeanne.png\",\"width\":906,\"height\":843,\"caption\":\"Valence Atelier Libre\"},\"image\":{\"@id\":\"https:\\\/\\\/vatelier.fr\\\/#\\\/schema\\\/logo\\\/image\\\/\"}}]}<\/script>\n<!-- \/ Yoast SEO plugin. -->","yoast_head_json":{"title":"On se rencontre ! - Valence Atelier Libre","robots":{"index":"index","follow":"follow","max-snippet":"max-snippet:-1","max-image-preview":"max-image-preview:large","max-video-preview":"max-video-preview:-1"},"canonical":"https:\/\/vatelier.fr\/index.php\/on-se-rencontre\/","og_locale":"fr_FR","og_type":"article","og_title":"On se rencontre ! - Valence Atelier Libre","og_description":"Deux fois par an, le Valence Atelier Libre rev\u00eat ses plus belles d\u00e9corations et invite les plus beaux musiciens et artistes du coin pour partager un moment festif avec ses [&hellip;]","og_url":"https:\/\/vatelier.fr\/index.php\/on-se-rencontre\/","og_site_name":"Valence Atelier Libre","article_modified_time":"2016-12-25T20:31:07+00:00","og_image":[{"url":"http:\/\/vatelier.fr\/wp-content\/uploads\/2016\/12\/PC060143-768x1024.jpg","type":"","width":"","height":""}],"twitter_card":"summary_large_image","schema":{"@context":"https:\/\/schema.org","@graph":[{"@type":"WebPage","@id":"https:\/\/vatelier.fr\/index.php\/on-se-rencontre\/","url":"https:\/\/vatelier.fr\/index.php\/on-se-rencontre\/","name":"On se rencontre ! - Valence Atelier Libre","isPartOf":{"@id":"https:\/\/vatelier.fr\/#website"},"primaryImageOfPage":{"@id":"https:\/\/vatelier.fr\/index.php\/on-se-rencontre\/#primaryimage"},"image":{"@id":"https:\/\/vatelier.fr\/index.php\/on-se-rencontre\/#primaryimage"},"thumbnailUrl":"http:\/\/vatelier.fr\/wp-content\/uploads\/2016\/12\/PC060143-768x1024.jpg","datePublished":"2016-12-25T20:30:49+00:00","dateModified":"2016-12-25T20:31:07+00:00","breadcrumb":{"@id":"https:\/\/vatelier.fr\/index.php\/on-se-rencontre\/#breadcrumb"},"inLanguage":"fr-FR","potentialAction":[{"@type":"ReadAction","target":["https:\/\/vatelier.fr\/index.php\/on-se-rencontre\/"]}]},{"@type":"ImageObject","inLanguage":"fr-FR","@id":"https:\/\/vatelier.fr\/index.php\/on-se-rencontre\/#primaryimage","url":"https:\/\/vatelier.fr\/wp-content\/uploads\/2016\/12\/PC060143.jpg","contentUrl":"https:\/\/vatelier.fr\/wp-content\/uploads\/2016\/12\/PC060143.jpg","width":2976,"height":3968,"caption":"OLYMPUS DIGITAL CAMERA"},{"@type":"BreadcrumbList","@id":"https:\/\/vatelier.fr\/index.php\/on-se-rencontre\/#breadcrumb","itemListElement":[{"@type":"ListItem","position":1,"name":"Accueil","item":"https:\/\/vatelier.fr\/"},{"@type":"ListItem","position":2,"name":"On se rencontre !"}]},{"@type":"WebSite","@id":"https:\/\/vatelier.fr\/#website","url":"https:\/\/vatelier.fr\/","name":"Valence Atelier Libre","description":"Association de partage de savoir-faire","publisher":{"@id":"https:\/\/vatelier.fr\/#organization"},"potentialAction":[{"@type":"SearchAction","target":{"@type":"EntryPoint","urlTemplate":"https:\/\/vatelier.fr\/?s={search_term_string}"},"query-input":{"@type":"PropertyValueSpecification","valueRequired":true,"valueName":"search_term_string"}}],"inLanguage":"fr-FR"},{"@type":"Organization","@id":"https:\/\/vatelier.fr\/#organization","name":"Valence Atelier Libre","url":"https:\/\/vatelier.fr\/","logo":{"@type":"ImageObject","inLanguage":"fr-FR","@id":"https:\/\/vatelier.fr\/#\/schema\/logo\/image\/","url":"http:\/\/vatelier.fr\/wp-content\/uploads\/2016\/02\/logo-jeanne.png","contentUrl":"http:\/\/vatelier.fr\/wp-content\/uploads\/2016\/02\/logo-jeanne.png","width":906,"height":843,"caption":"Valence Atelier Libre"},"image":{"@id":"https:\/\/vatelier.fr\/#\/schema\/logo\/image\/"}}]}},"_links":{"self":[{"href":"https:\/\/vatelier.fr\/index.php\/wp-json\/wp\/v2\/pages\/554","targetHints":{"allow":["GET"]}}],"collection":[{"href":"https:\/\/vatelier.fr\/index.php\/wp-json\/wp\/v2\/pages"}],"about":[{"href":"https:\/\/vatelier.fr\/index.php\/wp-json\/wp\/v2\/types\/page"}],"author":[{"embeddable":true,"href":"https:\/\/vatelier.fr\/index.php\/wp-json\/wp\/v2\/users\/1"}],"replies":[{"embeddable":true,"href":"https:\/\/vatelier.fr\/index.php\/wp-json\/wp\/v2\/comments?post=554"}],"version-history":[{"count":2,"href":"https:\/\/vatelier.fr\/index.php\/wp-json\/wp\/v2\/pages\/554\/revisions"}],"predecessor-version":[{"id":561,"href":"https:\/\/vatelier.fr\/index.php\/wp-json\/wp\/v2\/pages\/554\/revisions\/561"}],"wp:attachment":[{"href":"https:\/\/vatelier.fr\/index.php\/wp-json\/wp\/v2\/media?parent=554"}],"curies":[{"name":"wp","href":"https:\/\/api.w.org\/{rel}","templated":true}]}}