{"id":564,"date":"2016-12-25T21:47:47","date_gmt":"2016-12-25T20:47:47","guid":{"rendered":"http:\/\/vatelier.fr\/?page_id=564"},"modified":"2026-04-29T14:06:38","modified_gmt":"2026-04-29T13:06:38","slug":"materiautheque","status":"publish","type":"page","link":"https:\/\/vatelier.fr\/index.php\/materiautheque\/","title":{"rendered":"Accueil Mat\u00e9riauth\u00e8que"},"content":{"rendered":"<h1 style=\"text-align: center;\"><span style=\"color: #000000;\"><em>Ouvertures : Tous les MERCREDI et SAMEDI de 10h \u00e0 18h<\/em><\/span><\/h1>\n<p style=\"text-align: center;\"><span style=\"color: #ff0000;\">La mat\u00e9riauth\u00e8que sera ouverte tous les samedi de Mai malgr\u00e9 les ponts et jours f\u00e9ri\u00e9&#8230;<\/span><\/p>\n<h1 style=\"text-align: center;\"><span style=\"color: #000000;\">\u00a0Contacts : 06 66 39 77 z\u00e9ro 4\u00a0 \/ materiautheque(at)vatelier.fr<\/span><\/h1>\n<h1>\u00a0<\/h1>\n<h1>\u00a0<\/h1>\n<h1><strong>Visite virtuelle<\/strong><\/h1>\n<p>Vous pouvez naviguer dans la visite en zoomant avec la molette de votre souris et en vous d\u00e9pla\u00e7ant en cliquant avec celle ci.<\/p>\n\n\n\n<!-- ipanorama begin --><div class=\"ipanorama ipnrm-5\" data-json-src=\"https:\/\/vatelier.fr\/index.php\/wp-json\/ipanorama\/v1\/item\/5\" data-item-id=\"5\" style=\"display:none;\"><div class=\"ipnrm-store\" style=\"display:none;\">\n<div class=\"ipnrm-scene\" data-scene-id=\"a43c72b4\">\n<div class=\"ipnrm-markers-data\">\n<\/div>\n<div class=\"ipnrm-tooltips-data\">\n<div class=\"ipnrm-data\" data-marker-id=\"326807e2\">\n<p><strong>Entrer dans la Math\u00e9riaut\u00e8que<\/strong><\/p>\n<\/div>\n<\/div>\n<div class=\"ipnrm-popovers-data\">\n<\/div>\n<\/div>\n<div class=\"ipnrm-scene\" data-scene-id=\"243ddf80\">\n<div class=\"ipnrm-markers-data\">\n<\/div>\n<div class=\"ipnrm-tooltips-data\">\n<div class=\"ipnrm-data\" data-marker-id=\"0960c74a\">\n<p><strong>Aller \u00e0 ext\u00e9rieur<\/strong><\/p>\n<\/div>\n<div class=\"ipnrm-data\" data-marker-id=\"0f65ce7f\">\n<p><strong>Aller \u00e0 l'espace peinture<\/strong><\/p>\n<\/div>\n<div class=\"ipnrm-data\" data-marker-id=\"2f5b0a0b\">\n<p><strong>Aller \u00e0 l'\u00e9tage<\/strong><\/p>\n<\/div>\n<\/div>\n<div class=\"ipnrm-popovers-data\">\n<\/div>\n<\/div>\n<div class=\"ipnrm-scene\" data-scene-id=\"18ad443b\">\n<div class=\"ipnrm-markers-data\">\n<\/div>\n<div class=\"ipnrm-tooltips-data\">\n<div class=\"ipnrm-data\" data-marker-id=\"d3b86c6b\">\n<p><strong>Aller \u00e0 l'entr\u00e9e<\/strong><\/p>\n<\/div>\n<div class=\"ipnrm-data\" data-marker-id=\"47a7082e\">\n<p><strong>Aller \u00e0 l'\u00e9tage<\/strong><\/p>\n<\/div>\n<div class=\"ipnrm-data\" data-marker-id=\"0af07e4e\">\n<p><strong>Aller \u00e0 l\u2019ext\u00e9rieur<\/strong><\/p>\n<\/div>\n<\/div>\n<div class=\"ipnrm-popovers-data\">\n<\/div>\n<\/div>\n<div class=\"ipnrm-scene\" data-scene-id=\"51a43cfe\">\n<div class=\"ipnrm-markers-data\">\n<\/div>\n<div class=\"ipnrm-tooltips-data\">\n<div class=\"ipnrm-data\" data-marker-id=\"36193144\">\n<p><strong>Aller au rez de chauss\u00e9e<\/strong><\/p>\n<\/div>\n<\/div>\n<div class=\"ipnrm-popovers-data\">\n<\/div>\n<\/div>\n<\/div><\/div><!-- ipanorama end -->\n<h2><strong><span style=\"color: #333333;\">La mat\u00e9riauth\u00e8que est un local de mise \u00e0 disposition de mat\u00e9riaux o\u00f9 chacun.e peut d\u00e9poser ce qu&rsquo;il.elle n&rsquo;utilise pas et r\u00e9cup\u00e9rer ce dont il.elle a besoin. Vous pouvez consultez les derniers arrivages <a href=\"http:\/\/vatelier.fr\/index.php\/2019\/05\/27\/derniers-arrivages-de-materiaux-a-la-materiautheque-juin-2019\/\">ICI<\/a>.<br \/><\/span><\/strong><\/h2>\n<p style=\"padding-left: 30px;\"><img loading=\"lazy\" decoding=\"async\" class=\"wp-image-980 alignleft\" src=\"http:\/\/vatelier.fr\/wp-content\/uploads\/2016\/12\/2017-10-12-montage-4-1024x692.jpg\" alt=\"\" width=\"464\" height=\"313\" srcset=\"https:\/\/vatelier.fr\/wp-content\/uploads\/2016\/12\/2017-10-12-montage-4-1024x692.jpg 1024w, https:\/\/vatelier.fr\/wp-content\/uploads\/2016\/12\/2017-10-12-montage-4-300x203.jpg 300w, https:\/\/vatelier.fr\/wp-content\/uploads\/2016\/12\/2017-10-12-montage-4-768x519.jpg 768w, https:\/\/vatelier.fr\/wp-content\/uploads\/2016\/12\/2017-10-12-montage-4-750x507.jpg 750w, https:\/\/vatelier.fr\/wp-content\/uploads\/2016\/12\/2017-10-12-montage-4-400x270.jpg 400w, https:\/\/vatelier.fr\/wp-content\/uploads\/2016\/12\/2017-10-12-montage-4-430x290.jpg 430w, https:\/\/vatelier.fr\/wp-content\/uploads\/2016\/12\/2017-10-12-montage-4-150x101.jpg 150w, https:\/\/vatelier.fr\/wp-content\/uploads\/2016\/12\/2017-10-12-montage-4-100x68.jpg 100w, https:\/\/vatelier.fr\/wp-content\/uploads\/2016\/12\/2017-10-12-montage-4.jpg 1818w\" sizes=\"auto, (max-width: 464px) 100vw, 464px\" \/>Notre activit\u00e9? <strong>R\u00e9cup\u00e9rer des mat\u00e9riaux<\/strong> de construction, bricolage, d\u00e9coration et jardinage destin\u00e9s \u00e0 aller \u00e0 la d\u00e9chetterie pour les <strong>remettre \u00e0 disposition \u00e0 prix CONSCIENT et libre<\/strong>. Nous avons du bois sous toutes ses formes, m\u00e9taux, outillage, quincaillerie, vitrage, cordage, tissus&#8230; etc&#8230; tout \u00e7a pour <strong>promouvoir le \u00ab\u00a0faire soi-m\u00eame\u00a0\u00bb, sensibiliser au gaspillage et \u00e0 un syst\u00e8me soci\u00e9tal plus juste, proposer un mode de consommation alternatif&#8230;<\/strong><\/p>\n<p><span style=\"color: #333333;\"><span style=\"font-size: medium;\">Ces mat\u00e9riaux sont <strong>donn\u00e9s par des particuliers<\/strong> qui viennent les d\u00e9poser pendant les permanences, <strong>par des artisans et entreprises<\/strong> que l&rsquo;on vient d\u00e9barrasser \u00e0 l&rsquo;aide de MARCELL notre camion super-sonic (du fait qu&rsquo;il fait vraiment beaucoup de bruit&#8230;!)<br \/><\/span><\/span><\/p>\n<p align=\"JUSTIFY\"><img loading=\"lazy\" decoding=\"async\" class=\"aligncenter wp-image-794 \" src=\"http:\/\/vatelier.fr\/wp-content\/uploads\/2016\/12\/bulles-pour-page-mal-1024x978.png\" alt=\"\" width=\"588\" height=\"562\" srcset=\"https:\/\/vatelier.fr\/wp-content\/uploads\/2016\/12\/bulles-pour-page-mal-1024x978.png 1024w, https:\/\/vatelier.fr\/wp-content\/uploads\/2016\/12\/bulles-pour-page-mal-300x287.png 300w, https:\/\/vatelier.fr\/wp-content\/uploads\/2016\/12\/bulles-pour-page-mal-768x734.png 768w, https:\/\/vatelier.fr\/wp-content\/uploads\/2016\/12\/bulles-pour-page-mal-750x716.png 750w, https:\/\/vatelier.fr\/wp-content\/uploads\/2016\/12\/bulles-pour-page-mal-400x382.png 400w, https:\/\/vatelier.fr\/wp-content\/uploads\/2016\/12\/bulles-pour-page-mal-430x411.png 430w, https:\/\/vatelier.fr\/wp-content\/uploads\/2016\/12\/bulles-pour-page-mal-150x143.png 150w, https:\/\/vatelier.fr\/wp-content\/uploads\/2016\/12\/bulles-pour-page-mal-100x96.png 100w, https:\/\/vatelier.fr\/wp-content\/uploads\/2016\/12\/bulles-pour-page-mal.png 1676w\" sizes=\"auto, (max-width: 588px) 100vw, 588px\" \/><\/p>\n<p align=\"JUSTIFY\"><span style=\"font-size: medium;\"><strong><span style=\"color: #333333;\">\u00a0<\/span><\/strong><\/span><\/p>\n<p><strong>L&rsquo;adh\u00e9sion est \u00e0 prix fixe : 8\u20ac \u00e0 l&rsquo;ann\u00e9e (de date \u00e0 date).<\/strong><\/p>\n<p><strong>Par<a href=\"http:\/\/vatelier.fr\/index.php\/liste-des-materiaux\/\"> ICI <\/a>: la liste (non exhaustive) des mat\u00e9riaux que vous pouvez apporter \u00e0 la mat\u00e9riauth\u00e8que pour faire de la place dans votre garage et soutenir notre initiative !<\/strong><\/p>\n<p style=\"text-align: center;\"><strong>&#8212;&#8212;&#8212;&#8212;&#8212;&#8212;&#8212;&#8212;&#8212;&#8212;&#8212;&#8212;&#8212;&#8212;&#8212;&#8212;&#8212;&#8212;&#8212;<\/strong><\/p>\n<h1 style=\"text-align: center;\"><span style=\"color: #000000;\">AIDER LA MATERIAUTHEQUE :<\/span><\/h1>\n<h3 style=\"text-align: center;\"><strong><span style=\"color: #000000;\">La mat\u00e9riauth\u00e8que a toujours besoin de b\u00e9n\u00e9voles. Plus d&rsquo;information<a style=\"color: #000000;\" href=\"http:\/\/vatelier.fr\/index.php\/devenir-benevole\/\"> ICI<\/a> !<\/span><\/strong><\/h3>\n<p style=\"text-align: center;\"><span style=\"color: #000000;\"><br \/><strong>&#8212;&#8212;&#8212;&#8212;&#8212;&#8212;&#8212;&#8212;&#8212;&#8212;&#8212;&#8212;&#8212;&#8212;&#8212;&#8212;&#8212;&#8212;&#8212;<\/strong><\/span><\/p>\n<h1 style=\"text-align: center;\"><span style=\"color: #000000;\"><br \/>Petite Vid\u00e9o qui explique ce qu&rsquo;est la mat\u00e9riauth\u00e8que (merci \u00e0 dromadh\u00e8re.tv) :<\/span><\/h1>\n\n\n<iframe loading=\"lazy\" title=\"Math\u00e9riautheque Montmeyran\" width=\"560\" height=\"315\" src=\"https:\/\/videos.dromeadhere.fr\/videos\/embed\/ca227a3b-fe7e-423e-aaf0-1e769973815a\" frameborder=\"0\" allowfullscreen=\"\" sandbox=\"allow-same-origin allow-scripts allow-popups\"><\/iframe>\n\n\n","protected":false},"excerpt":{"rendered":"<p>Ouvertures : Tous les MERCREDI et SAMEDI de 10h \u00e0 18h La mat\u00e9riauth\u00e8que sera ouverte tous les samedi de Mai malgr\u00e9 les ponts et jours f\u00e9ri\u00e9&#8230; \u00a0Contacts : 06 66 [&hellip;]<\/p>\n","protected":false},"author":1,"featured_media":0,"parent":0,"menu_order":0,"comment_status":"closed","ping_status":"closed","template":"page_fullwidth.php","meta":{"footnotes":""},"class_list":["post-564","page","type-page","status-publish","hentry"],"yoast_head":"<!-- This site is optimized with the Yoast SEO plugin v27.5 - https:\/\/yoast.com\/product\/yoast-seo-wordpress\/ -->\n<title>Accueil Mat\u00e9riauth\u00e8que - Valence Atelier Libre<\/title>\n<meta name=\"robots\" content=\"index, follow, max-snippet:-1, max-image-preview:large, max-video-preview:-1\" \/>\n<link rel=\"canonical\" href=\"https:\/\/vatelier.fr\/index.php\/materiautheque\/\" \/>\n<meta property=\"og:locale\" content=\"fr_FR\" \/>\n<meta property=\"og:type\" content=\"article\" \/>\n<meta property=\"og:title\" content=\"Accueil Mat\u00e9riauth\u00e8que - Valence Atelier Libre\" \/>\n<meta property=\"og:description\" content=\"Ouvertures : Tous les MERCREDI et SAMEDI de 10h \u00e0 18h La mat\u00e9riauth\u00e8que sera ouverte tous les samedi de Mai malgr\u00e9 les ponts et jours f\u00e9ri\u00e9&#8230; \u00a0Contacts : 06 66 [&hellip;]\" \/>\n<meta property=\"og:url\" content=\"https:\/\/vatelier.fr\/index.php\/materiautheque\/\" \/>\n<meta property=\"og:site_name\" content=\"Valence Atelier Libre\" \/>\n<meta property=\"article:modified_time\" content=\"2026-04-29T13:06:38+00:00\" \/>\n<meta property=\"og:image\" content=\"https:\/\/vatelier.fr\/wp-content\/uploads\/2016\/12\/2017-10-12-montage-4.jpg\" \/>\n\t<meta property=\"og:image:width\" content=\"1818\" \/>\n\t<meta property=\"og:image:height\" content=\"1228\" \/>\n\t<meta property=\"og:image:type\" content=\"image\/jpeg\" \/>\n<meta name=\"twitter:card\" content=\"summary_large_image\" \/>\n<meta name=\"twitter:label1\" content=\"Dur\u00e9e de lecture estim\u00e9e\" \/>\n\t<meta name=\"twitter:data1\" content=\"2 minutes\" \/>\n<script type=\"application\/ld+json\" class=\"yoast-schema-graph\">{\"@context\":\"https:\\\/\\\/schema.org\",\"@graph\":[{\"@type\":\"WebPage\",\"@id\":\"https:\\\/\\\/vatelier.fr\\\/index.php\\\/materiautheque\\\/\",\"url\":\"https:\\\/\\\/vatelier.fr\\\/index.php\\\/materiautheque\\\/\",\"name\":\"Accueil Mat\u00e9riauth\u00e8que - Valence Atelier Libre\",\"isPartOf\":{\"@id\":\"https:\\\/\\\/vatelier.fr\\\/#website\"},\"primaryImageOfPage\":{\"@id\":\"https:\\\/\\\/vatelier.fr\\\/index.php\\\/materiautheque\\\/#primaryimage\"},\"image\":{\"@id\":\"https:\\\/\\\/vatelier.fr\\\/index.php\\\/materiautheque\\\/#primaryimage\"},\"thumbnailUrl\":\"http:\\\/\\\/vatelier.fr\\\/wp-content\\\/uploads\\\/2016\\\/12\\\/2017-10-12-montage-4-1024x692.jpg\",\"datePublished\":\"2016-12-25T20:47:47+00:00\",\"dateModified\":\"2026-04-29T13:06:38+00:00\",\"breadcrumb\":{\"@id\":\"https:\\\/\\\/vatelier.fr\\\/index.php\\\/materiautheque\\\/#breadcrumb\"},\"inLanguage\":\"fr-FR\",\"potentialAction\":[{\"@type\":\"ReadAction\",\"target\":[\"https:\\\/\\\/vatelier.fr\\\/index.php\\\/materiautheque\\\/\"]}]},{\"@type\":\"ImageObject\",\"inLanguage\":\"fr-FR\",\"@id\":\"https:\\\/\\\/vatelier.fr\\\/index.php\\\/materiautheque\\\/#primaryimage\",\"url\":\"https:\\\/\\\/vatelier.fr\\\/wp-content\\\/uploads\\\/2016\\\/12\\\/2017-10-12-montage-4.jpg\",\"contentUrl\":\"https:\\\/\\\/vatelier.fr\\\/wp-content\\\/uploads\\\/2016\\\/12\\\/2017-10-12-montage-4.jpg\",\"width\":1818,\"height\":1228},{\"@type\":\"BreadcrumbList\",\"@id\":\"https:\\\/\\\/vatelier.fr\\\/index.php\\\/materiautheque\\\/#breadcrumb\",\"itemListElement\":[{\"@type\":\"ListItem\",\"position\":1,\"name\":\"Accueil\",\"item\":\"https:\\\/\\\/vatelier.fr\\\/\"},{\"@type\":\"ListItem\",\"position\":2,\"name\":\"Accueil Mat\u00e9riauth\u00e8que\"}]},{\"@type\":\"WebSite\",\"@id\":\"https:\\\/\\\/vatelier.fr\\\/#website\",\"url\":\"https:\\\/\\\/vatelier.fr\\\/\",\"name\":\"Valence Atelier Libre\",\"description\":\"Association de partage de savoir-faire\",\"publisher\":{\"@id\":\"https:\\\/\\\/vatelier.fr\\\/#organization\"},\"potentialAction\":[{\"@type\":\"SearchAction\",\"target\":{\"@type\":\"EntryPoint\",\"urlTemplate\":\"https:\\\/\\\/vatelier.fr\\\/?s={search_term_string}\"},\"query-input\":{\"@type\":\"PropertyValueSpecification\",\"valueRequired\":true,\"valueName\":\"search_term_string\"}}],\"inLanguage\":\"fr-FR\"},{\"@type\":\"Organization\",\"@id\":\"https:\\\/\\\/vatelier.fr\\\/#organization\",\"name\":\"Valence Atelier Libre\",\"url\":\"https:\\\/\\\/vatelier.fr\\\/\",\"logo\":{\"@type\":\"ImageObject\",\"inLanguage\":\"fr-FR\",\"@id\":\"https:\\\/\\\/vatelier.fr\\\/#\\\/schema\\\/logo\\\/image\\\/\",\"url\":\"http:\\\/\\\/vatelier.fr\\\/wp-content\\\/uploads\\\/2016\\\/02\\\/logo-jeanne.png\",\"contentUrl\":\"http:\\\/\\\/vatelier.fr\\\/wp-content\\\/uploads\\\/2016\\\/02\\\/logo-jeanne.png\",\"width\":906,\"height\":843,\"caption\":\"Valence Atelier Libre\"},\"image\":{\"@id\":\"https:\\\/\\\/vatelier.fr\\\/#\\\/schema\\\/logo\\\/image\\\/\"}}]}<\/script>\n<!-- \/ Yoast SEO plugin. -->","yoast_head_json":{"title":"Accueil Mat\u00e9riauth\u00e8que - Valence Atelier Libre","robots":{"index":"index","follow":"follow","max-snippet":"max-snippet:-1","max-image-preview":"max-image-preview:large","max-video-preview":"max-video-preview:-1"},"canonical":"https:\/\/vatelier.fr\/index.php\/materiautheque\/","og_locale":"fr_FR","og_type":"article","og_title":"Accueil Mat\u00e9riauth\u00e8que - Valence Atelier Libre","og_description":"Ouvertures : Tous les MERCREDI et SAMEDI de 10h \u00e0 18h La mat\u00e9riauth\u00e8que sera ouverte tous les samedi de Mai malgr\u00e9 les ponts et jours f\u00e9ri\u00e9&#8230; \u00a0Contacts : 06 66 [&hellip;]","og_url":"https:\/\/vatelier.fr\/index.php\/materiautheque\/","og_site_name":"Valence Atelier Libre","article_modified_time":"2026-04-29T13:06:38+00:00","og_image":[{"width":1818,"height":1228,"url":"https:\/\/vatelier.fr\/wp-content\/uploads\/2016\/12\/2017-10-12-montage-4.jpg","type":"image\/jpeg"}],"twitter_card":"summary_large_image","twitter_misc":{"Dur\u00e9e de lecture estim\u00e9e":"2 minutes"},"schema":{"@context":"https:\/\/schema.org","@graph":[{"@type":"WebPage","@id":"https:\/\/vatelier.fr\/index.php\/materiautheque\/","url":"https:\/\/vatelier.fr\/index.php\/materiautheque\/","name":"Accueil Mat\u00e9riauth\u00e8que - Valence Atelier Libre","isPartOf":{"@id":"https:\/\/vatelier.fr\/#website"},"primaryImageOfPage":{"@id":"https:\/\/vatelier.fr\/index.php\/materiautheque\/#primaryimage"},"image":{"@id":"https:\/\/vatelier.fr\/index.php\/materiautheque\/#primaryimage"},"thumbnailUrl":"http:\/\/vatelier.fr\/wp-content\/uploads\/2016\/12\/2017-10-12-montage-4-1024x692.jpg","datePublished":"2016-12-25T20:47:47+00:00","dateModified":"2026-04-29T13:06:38+00:00","breadcrumb":{"@id":"https:\/\/vatelier.fr\/index.php\/materiautheque\/#breadcrumb"},"inLanguage":"fr-FR","potentialAction":[{"@type":"ReadAction","target":["https:\/\/vatelier.fr\/index.php\/materiautheque\/"]}]},{"@type":"ImageObject","inLanguage":"fr-FR","@id":"https:\/\/vatelier.fr\/index.php\/materiautheque\/#primaryimage","url":"https:\/\/vatelier.fr\/wp-content\/uploads\/2016\/12\/2017-10-12-montage-4.jpg","contentUrl":"https:\/\/vatelier.fr\/wp-content\/uploads\/2016\/12\/2017-10-12-montage-4.jpg","width":1818,"height":1228},{"@type":"BreadcrumbList","@id":"https:\/\/vatelier.fr\/index.php\/materiautheque\/#breadcrumb","itemListElement":[{"@type":"ListItem","position":1,"name":"Accueil","item":"https:\/\/vatelier.fr\/"},{"@type":"ListItem","position":2,"name":"Accueil Mat\u00e9riauth\u00e8que"}]},{"@type":"WebSite","@id":"https:\/\/vatelier.fr\/#website","url":"https:\/\/vatelier.fr\/","name":"Valence Atelier Libre","description":"Association de partage de savoir-faire","publisher":{"@id":"https:\/\/vatelier.fr\/#organization"},"potentialAction":[{"@type":"SearchAction","target":{"@type":"EntryPoint","urlTemplate":"https:\/\/vatelier.fr\/?s={search_term_string}"},"query-input":{"@type":"PropertyValueSpecification","valueRequired":true,"valueName":"search_term_string"}}],"inLanguage":"fr-FR"},{"@type":"Organization","@id":"https:\/\/vatelier.fr\/#organization","name":"Valence Atelier Libre","url":"https:\/\/vatelier.fr\/","logo":{"@type":"ImageObject","inLanguage":"fr-FR","@id":"https:\/\/vatelier.fr\/#\/schema\/logo\/image\/","url":"http:\/\/vatelier.fr\/wp-content\/uploads\/2016\/02\/logo-jeanne.png","contentUrl":"http:\/\/vatelier.fr\/wp-content\/uploads\/2016\/02\/logo-jeanne.png","width":906,"height":843,"caption":"Valence Atelier Libre"},"image":{"@id":"https:\/\/vatelier.fr\/#\/schema\/logo\/image\/"}}]}},"_links":{"self":[{"href":"https:\/\/vatelier.fr\/index.php\/wp-json\/wp\/v2\/pages\/564","targetHints":{"allow":["GET"]}}],"collection":[{"href":"https:\/\/vatelier.fr\/index.php\/wp-json\/wp\/v2\/pages"}],"about":[{"href":"https:\/\/vatelier.fr\/index.php\/wp-json\/wp\/v2\/types\/page"}],"author":[{"embeddable":true,"href":"https:\/\/vatelier.fr\/index.php\/wp-json\/wp\/v2\/users\/1"}],"replies":[{"embeddable":true,"href":"https:\/\/vatelier.fr\/index.php\/wp-json\/wp\/v2\/comments?post=564"}],"version-history":[{"count":153,"href":"https:\/\/vatelier.fr\/index.php\/wp-json\/wp\/v2\/pages\/564\/revisions"}],"predecessor-version":[{"id":3633,"href":"https:\/\/vatelier.fr\/index.php\/wp-json\/wp\/v2\/pages\/564\/revisions\/3633"}],"wp:attachment":[{"href":"https:\/\/vatelier.fr\/index.php\/wp-json\/wp\/v2\/media?parent=564"}],"curies":[{"name":"wp","href":"https:\/\/api.w.org\/{rel}","templated":true}]}}