{"id":584,"date":"2017-01-03T22:59:17","date_gmt":"2017-01-03T21:59:17","guid":{"rendered":"http:\/\/vatelier.fr\/?page_id=584"},"modified":"2026-04-22T21:56:11","modified_gmt":"2026-04-22T20:56:11","slug":"cest-quoi-val","status":"publish","type":"page","link":"https:\/\/vatelier.fr\/","title":{"rendered":"Espace + Outils + Savoir faire partag\u00e9s &amp; Mat\u00e9riaux"},"content":{"rendered":"<h1>C&rsquo;est quoi l&rsquo;asso Valence Atelier Libre ?<\/h1>\n<h3>C&rsquo;est <strong>3 activit\u00e9s<\/strong> dans <strong>2 locaux<\/strong> :<\/h3>\n<p><span style=\"color: #000000;\"><strong>A VALENCE au 13 bis rue montplaisir, L&rsquo;ATELIER<\/strong> :<\/span><\/p>\n<p><span style=\"color: #000000;\"><b>&#8211; Le partage de savoir faire:<\/b> chaque mois un programme d&rsquo;initiations diverses et vari\u00e9es est propos\u00e9 par les adh\u00e9rents.es, pour les adh\u00e9rents.es. Les th\u00e8mes abord\u00e9s sont tr\u00e8s diversifi\u00e9s allant de la m\u00e9canique au bien-\u00eatre en passant par la couture, la cuisine, l&rsquo;art etc. Allez voir<\/span><a href=\"http:\/\/vatelier.fr\/index.php\/programme\/\"><span style=\"color: #008000;\"> notre programme en ligne&#8230;<\/span><\/a><\/p>\n<p><span style=\"color: #000000;\"><b>&#8211; La mise \u00e0 disposition d&rsquo;espaces et d&rsquo;outils :<\/b> En dehors des initiations, les adh\u00e9rents.es peuvent profiter d&rsquo;un outillage performant et d&rsquo;espaces d\u00e9di\u00e9s au bricolage et travaux manuels. L&rsquo;utilisation des espaces <strong>se fait sur demande<\/strong> \u00e0 contact( at )vatelier.fr<br \/><\/span><\/p>\n<p><span style=\"color: #000000;\"><strong>A MONTMEYRAN, quartier la charlotte<\/strong> : <\/span><\/p>\n<p><b><span style=\"color: #000000;\">Une<\/span> <span style=\"color: #008000;\"><a style=\"color: #008000;\" href=\"http:\/\/vatelier.fr\/index.php\/materiautheque\/\">MATERIAUTHEQUE<\/a><\/span> <span style=\"color: #000000;\">:<\/span><\/b><span style=\"color: #000000;\">\u00a0 Nous r\u00e9cup\u00e9rons les invendus et les mat\u00e9riaux consid\u00e9r\u00e9s comme d\u00e9chets par les entreprises et les particuliers. Nous les mettons \u00e0 disposition des adh\u00e9rents.es \u00e0 prix CONSCIENT et libre. Ceci permet de diminuer consid\u00e9rablement les d\u00e9chets en donnant une seconde vie \u00e0 des mat\u00e9riaux qui trouvent ainsi une nouvelle utilit\u00e9.<\/span><\/p>\n<h1 style=\"text-align: left;\"><img loading=\"lazy\" decoding=\"async\" class=\"aligncenter wp-image-732 \" src=\"http:\/\/vatelier.fr\/wp-content\/uploads\/2017\/01\/accueil-page2017.png\" alt=\"\" width=\"910\" height=\"790\" srcset=\"https:\/\/vatelier.fr\/wp-content\/uploads\/2017\/01\/accueil-page2017.png 2583w, https:\/\/vatelier.fr\/wp-content\/uploads\/2017\/01\/accueil-page2017-300x261.png 300w, https:\/\/vatelier.fr\/wp-content\/uploads\/2017\/01\/accueil-page2017-768x667.png 768w, https:\/\/vatelier.fr\/wp-content\/uploads\/2017\/01\/accueil-page2017-1024x890.png 1024w, https:\/\/vatelier.fr\/wp-content\/uploads\/2017\/01\/accueil-page2017-750x652.png 750w, https:\/\/vatelier.fr\/wp-content\/uploads\/2017\/01\/accueil-page2017-400x348.png 400w, https:\/\/vatelier.fr\/wp-content\/uploads\/2017\/01\/accueil-page2017-430x374.png 430w, https:\/\/vatelier.fr\/wp-content\/uploads\/2017\/01\/accueil-page2017-150x130.png 150w, https:\/\/vatelier.fr\/wp-content\/uploads\/2017\/01\/accueil-page2017-100x87.png 100w\" sizes=\"auto, (max-width: 910px) 100vw, 910px\" \/>Comment adh\u00e9rer \u00e0 l&rsquo;association ?<\/h1>\n<p style=\"text-align: left;\"><span style=\"color: #000000;\"><strong>A l&rsquo;ATELIER<\/strong> : On peut adh\u00e9rer \u00e0 l&rsquo;association d\u00e8s l&rsquo;instant ou l&rsquo;on vient y faire une activit\u00e9 : soit en d\u00e9but de son premier atelier, soit avant de commencer un projet personnel &#8230; <br \/><strong>L&rsquo;adh\u00e9sion<\/strong> <strong>co\u00fbte 25\u20ac \/ an ou 10\u20ac\/ jour (et il est possible de passer d&rsquo;une adh\u00e9sion journali\u00e8re \u00e0 un adh\u00e9sion annuelle = adh\u00e9sion passerelle 15\u20ac). Toutes les activit\u00e9s sont \u00e0 prix CONSCIENT et libre !<\/strong><br \/><\/span><\/p>\n<p style=\"text-align: left;\"><span style=\"color: #000000;\"><strong>A la MATERIAUTHEQUE<\/strong>: On peut adh\u00e9rer \u00e0 chaque ouverture : tous les mercredi et samedi de 10h \u00e0 18h. L&rsquo;adh\u00e9sion<strong> co\u00fbte 8\u20ac\/ an et tout les mat\u00e9riaux sont \u00e0 prix CONSCIENT et libre !<\/strong><\/span><\/p>\n<h1>Nous contacter, nous rencontrer ?<\/h1>\n<p><span style=\"color: #000000;\"><strong>&#8211; L&rsquo;ATELIER :<\/strong> <br \/><\/span><span style=\"color: #000000;\"><strong>\u00c7\u00e0 n&rsquo;est pas ouvert tout le temps<\/strong> , l&rsquo;utilisation de l&rsquo;espace se fait <strong>SUR DEMANDE par mail<\/strong> \u00e0 contact( at) vatelier.fr <br \/>Vous pouvez venir pendant une \u00ab\u00a0<strong>Permanence Accueil<\/strong>\u00a0\u00bb : <\/span><span style=\"color: #008000;\"><a style=\"color: #008000;\" href=\"http:\/\/vatelier.fr\/index.php\/programme\/\">date propos\u00e9es chaque mois\u00a0<\/a><\/span> \u00a0 <br \/>Vous pouvez vous inscrire \u00e0 l&rsquo;un des ateliers propos\u00e9s en envoyant un mail \u00e0 l&rsquo;organisateurice (mail disponible \u00e0 la fin du descriptif de chaque atelier).<\/p>\n<p><span style=\"color: #000000;\"><strong>&#8211; LA MATERIAUTHEQUE :<\/strong><br \/><\/span><span style=\"color: #000000;\">Vous pouvez venir tous<strong> les mercredi et samedi de 10h\u00e0 18h<\/strong>.<br \/>Des infos sur les mat\u00e9riaux disponibles \u00e0 la mat\u00e9riauth\u00e8que ? Num\u00e9ro de t\u00e9l\u00e9phone ouvert QUE pendant les ouvertures (les mercredi et samedi de 10h \u00e0 18h) : <strong>06 66 39 77 04<\/strong> \/ allez voir <a href=\"http:\/\/vatelier.fr\/index.php\/category\/actus-et-arrivages\/\">nos arrivages<\/a> sur ce site.<br \/><\/span><\/p>\n<p><span style=\"color: #000000;\">&#8211; Pour toutes vos questions. Vous pouvez nous \u00e9crire \u00e0 l&rsquo;adresse mail : contact (at ) vatelier.fr<\/span><\/p>\n<h1>Recevoir le programme de l&rsquo;association et les informations sur les arrivages de la mat\u00e9riauth\u00e8que ?<\/h1>\n<p><strong>Inscrivez votre mail dans la case \u00ab\u00a0envoyez moi le programme \u00a0\u00bb ci-dessous. Vous ne recevrez qu&rsquo;un mail par mois (pas de spam)&#8230;<\/strong><\/p>\n\n\n<h1 style=\"text-align: center;\"><strong>Petites vid\u00e9os qui pr\u00e9sentent la mat\u00e9riauth\u00e8que et l&rsquo;atelier :<\/strong><\/h1>\n\n\n\n<iframe loading=\"lazy\" title=\"Math\u00e9riautheque Montmeyran\" width=\"560\" height=\"315\" src=\"https:\/\/videos.dromeadhere.fr\/videos\/embed\/ca227a3b-fe7e-423e-aaf0-1e769973815a\" frameborder=\"0\" allowfullscreen=\"\" sandbox=\"allow-same-origin allow-scripts allow-popups\"><\/iframe><h3 style=\"text-align: center;\"><span style=\"color: #ff0000;\"><strong style=\"color: #ff0000;\">\u00a0<\/strong><\/span><\/h3>\n\n\n\n<iframe loading=\"lazy\" title=\"Valence Atelier Libre\" width=\"560\" height=\"315\" src=\"https:\/\/videos.dromeadhere.fr\/videos\/embed\/6acb87f8-37e6-4045-9e31-a49646842844\" frameborder=\"0\" allowfullscreen=\"\" sandbox=\"allow-same-origin allow-scripts allow-popups\"><\/iframe>\n","protected":false},"excerpt":{"rendered":"<p>C&rsquo;est quoi l&rsquo;asso Valence Atelier Libre ? C&rsquo;est 3 activit\u00e9s dans 2 locaux : A VALENCE au 13 bis rue montplaisir, L&rsquo;ATELIER : &#8211; Le partage de savoir faire: chaque [&hellip;]<\/p>\n","protected":false},"author":1,"featured_media":0,"parent":0,"menu_order":0,"comment_status":"closed","ping_status":"closed","template":"","meta":{"footnotes":""},"class_list":["post-584","page","type-page","status-publish","hentry"],"yoast_head":"<!-- This site is optimized with the Yoast SEO plugin v27.5 - https:\/\/yoast.com\/product\/yoast-seo-wordpress\/ -->\n<title>Espace + Outils + Savoir faire partag\u00e9s &amp; Mat\u00e9riaux - Valence Atelier Libre<\/title>\n<meta name=\"robots\" content=\"index, follow, max-snippet:-1, max-image-preview:large, max-video-preview:-1\" \/>\n<link rel=\"canonical\" href=\"https:\/\/vatelier.fr\/\" \/>\n<meta property=\"og:locale\" content=\"fr_FR\" \/>\n<meta property=\"og:type\" content=\"article\" \/>\n<meta property=\"og:title\" content=\"Espace + Outils + Savoir faire partag\u00e9s &amp; Mat\u00e9riaux - Valence Atelier Libre\" \/>\n<meta property=\"og:description\" content=\"C&rsquo;est quoi l&rsquo;asso Valence Atelier Libre ? C&rsquo;est 3 activit\u00e9s dans 2 locaux : A VALENCE au 13 bis rue montplaisir, L&rsquo;ATELIER : &#8211; Le partage de savoir faire: chaque [&hellip;]\" \/>\n<meta property=\"og:url\" content=\"https:\/\/vatelier.fr\/\" \/>\n<meta property=\"og:site_name\" content=\"Valence Atelier Libre\" \/>\n<meta property=\"article:modified_time\" content=\"2026-04-22T20:56:11+00:00\" \/>\n<meta property=\"og:image\" content=\"https:\/\/vatelier.fr\/wp-content\/uploads\/2017\/01\/accueil-page2017-1024x890.png\" \/>\n\t<meta property=\"og:image:width\" content=\"1024\" \/>\n\t<meta property=\"og:image:height\" content=\"890\" \/>\n\t<meta property=\"og:image:type\" content=\"image\/png\" \/>\n<meta name=\"twitter:card\" content=\"summary_large_image\" \/>\n<meta name=\"twitter:label1\" content=\"Dur\u00e9e de lecture estim\u00e9e\" \/>\n\t<meta name=\"twitter:data1\" content=\"3 minutes\" \/>\n<script type=\"application\/ld+json\" class=\"yoast-schema-graph\">{\"@context\":\"https:\\\/\\\/schema.org\",\"@graph\":[{\"@type\":\"WebPage\",\"@id\":\"https:\\\/\\\/vatelier.fr\\\/\",\"url\":\"https:\\\/\\\/vatelier.fr\\\/\",\"name\":\"Espace + Outils + Savoir faire partag\u00e9s &amp; Mat\u00e9riaux - Valence Atelier Libre\",\"isPartOf\":{\"@id\":\"https:\\\/\\\/vatelier.fr\\\/#website\"},\"primaryImageOfPage\":{\"@id\":\"https:\\\/\\\/vatelier.fr\\\/#primaryimage\"},\"image\":{\"@id\":\"https:\\\/\\\/vatelier.fr\\\/#primaryimage\"},\"thumbnailUrl\":\"http:\\\/\\\/vatelier.fr\\\/wp-content\\\/uploads\\\/2017\\\/01\\\/accueil-page2017.png\",\"datePublished\":\"2017-01-03T21:59:17+00:00\",\"dateModified\":\"2026-04-22T20:56:11+00:00\",\"breadcrumb\":{\"@id\":\"https:\\\/\\\/vatelier.fr\\\/#breadcrumb\"},\"inLanguage\":\"fr-FR\",\"potentialAction\":[{\"@type\":\"ReadAction\",\"target\":[\"https:\\\/\\\/vatelier.fr\\\/\"]}]},{\"@type\":\"ImageObject\",\"inLanguage\":\"fr-FR\",\"@id\":\"https:\\\/\\\/vatelier.fr\\\/#primaryimage\",\"url\":\"https:\\\/\\\/vatelier.fr\\\/wp-content\\\/uploads\\\/2017\\\/01\\\/accueil-page2017.png\",\"contentUrl\":\"https:\\\/\\\/vatelier.fr\\\/wp-content\\\/uploads\\\/2017\\\/01\\\/accueil-page2017.png\",\"width\":2583,\"height\":2244},{\"@type\":\"BreadcrumbList\",\"@id\":\"https:\\\/\\\/vatelier.fr\\\/#breadcrumb\",\"itemListElement\":[{\"@type\":\"ListItem\",\"position\":1,\"name\":\"Accueil\",\"item\":\"https:\\\/\\\/vatelier.fr\\\/\"},{\"@type\":\"ListItem\",\"position\":2,\"name\":\"Espace + Outils + Savoir faire partag\u00e9s &amp; Mat\u00e9riaux\"}]},{\"@type\":\"WebSite\",\"@id\":\"https:\\\/\\\/vatelier.fr\\\/#website\",\"url\":\"https:\\\/\\\/vatelier.fr\\\/\",\"name\":\"Valence Atelier Libre\",\"description\":\"Association de partage de savoir-faire\",\"publisher\":{\"@id\":\"https:\\\/\\\/vatelier.fr\\\/#organization\"},\"potentialAction\":[{\"@type\":\"SearchAction\",\"target\":{\"@type\":\"EntryPoint\",\"urlTemplate\":\"https:\\\/\\\/vatelier.fr\\\/?s={search_term_string}\"},\"query-input\":{\"@type\":\"PropertyValueSpecification\",\"valueRequired\":true,\"valueName\":\"search_term_string\"}}],\"inLanguage\":\"fr-FR\"},{\"@type\":\"Organization\",\"@id\":\"https:\\\/\\\/vatelier.fr\\\/#organization\",\"name\":\"Valence Atelier Libre\",\"url\":\"https:\\\/\\\/vatelier.fr\\\/\",\"logo\":{\"@type\":\"ImageObject\",\"inLanguage\":\"fr-FR\",\"@id\":\"https:\\\/\\\/vatelier.fr\\\/#\\\/schema\\\/logo\\\/image\\\/\",\"url\":\"http:\\\/\\\/vatelier.fr\\\/wp-content\\\/uploads\\\/2016\\\/02\\\/logo-jeanne.png\",\"contentUrl\":\"http:\\\/\\\/vatelier.fr\\\/wp-content\\\/uploads\\\/2016\\\/02\\\/logo-jeanne.png\",\"width\":906,\"height\":843,\"caption\":\"Valence Atelier Libre\"},\"image\":{\"@id\":\"https:\\\/\\\/vatelier.fr\\\/#\\\/schema\\\/logo\\\/image\\\/\"}}]}<\/script>\n<!-- \/ Yoast SEO plugin. -->","yoast_head_json":{"title":"Espace + Outils + Savoir faire partag\u00e9s &amp; Mat\u00e9riaux - Valence Atelier Libre","robots":{"index":"index","follow":"follow","max-snippet":"max-snippet:-1","max-image-preview":"max-image-preview:large","max-video-preview":"max-video-preview:-1"},"canonical":"https:\/\/vatelier.fr\/","og_locale":"fr_FR","og_type":"article","og_title":"Espace + Outils + Savoir faire partag\u00e9s &amp; Mat\u00e9riaux - Valence Atelier Libre","og_description":"C&rsquo;est quoi l&rsquo;asso Valence Atelier Libre ? C&rsquo;est 3 activit\u00e9s dans 2 locaux : A VALENCE au 13 bis rue montplaisir, L&rsquo;ATELIER : &#8211; Le partage de savoir faire: chaque [&hellip;]","og_url":"https:\/\/vatelier.fr\/","og_site_name":"Valence Atelier Libre","article_modified_time":"2026-04-22T20:56:11+00:00","og_image":[{"width":1024,"height":890,"url":"https:\/\/vatelier.fr\/wp-content\/uploads\/2017\/01\/accueil-page2017-1024x890.png","type":"image\/png"}],"twitter_card":"summary_large_image","twitter_misc":{"Dur\u00e9e de lecture estim\u00e9e":"3 minutes"},"schema":{"@context":"https:\/\/schema.org","@graph":[{"@type":"WebPage","@id":"https:\/\/vatelier.fr\/","url":"https:\/\/vatelier.fr\/","name":"Espace + Outils + Savoir faire partag\u00e9s &amp; Mat\u00e9riaux - Valence Atelier Libre","isPartOf":{"@id":"https:\/\/vatelier.fr\/#website"},"primaryImageOfPage":{"@id":"https:\/\/vatelier.fr\/#primaryimage"},"image":{"@id":"https:\/\/vatelier.fr\/#primaryimage"},"thumbnailUrl":"http:\/\/vatelier.fr\/wp-content\/uploads\/2017\/01\/accueil-page2017.png","datePublished":"2017-01-03T21:59:17+00:00","dateModified":"2026-04-22T20:56:11+00:00","breadcrumb":{"@id":"https:\/\/vatelier.fr\/#breadcrumb"},"inLanguage":"fr-FR","potentialAction":[{"@type":"ReadAction","target":["https:\/\/vatelier.fr\/"]}]},{"@type":"ImageObject","inLanguage":"fr-FR","@id":"https:\/\/vatelier.fr\/#primaryimage","url":"https:\/\/vatelier.fr\/wp-content\/uploads\/2017\/01\/accueil-page2017.png","contentUrl":"https:\/\/vatelier.fr\/wp-content\/uploads\/2017\/01\/accueil-page2017.png","width":2583,"height":2244},{"@type":"BreadcrumbList","@id":"https:\/\/vatelier.fr\/#breadcrumb","itemListElement":[{"@type":"ListItem","position":1,"name":"Accueil","item":"https:\/\/vatelier.fr\/"},{"@type":"ListItem","position":2,"name":"Espace + Outils + Savoir faire partag\u00e9s &amp; Mat\u00e9riaux"}]},{"@type":"WebSite","@id":"https:\/\/vatelier.fr\/#website","url":"https:\/\/vatelier.fr\/","name":"Valence Atelier Libre","description":"Association de partage de savoir-faire","publisher":{"@id":"https:\/\/vatelier.fr\/#organization"},"potentialAction":[{"@type":"SearchAction","target":{"@type":"EntryPoint","urlTemplate":"https:\/\/vatelier.fr\/?s={search_term_string}"},"query-input":{"@type":"PropertyValueSpecification","valueRequired":true,"valueName":"search_term_string"}}],"inLanguage":"fr-FR"},{"@type":"Organization","@id":"https:\/\/vatelier.fr\/#organization","name":"Valence Atelier Libre","url":"https:\/\/vatelier.fr\/","logo":{"@type":"ImageObject","inLanguage":"fr-FR","@id":"https:\/\/vatelier.fr\/#\/schema\/logo\/image\/","url":"http:\/\/vatelier.fr\/wp-content\/uploads\/2016\/02\/logo-jeanne.png","contentUrl":"http:\/\/vatelier.fr\/wp-content\/uploads\/2016\/02\/logo-jeanne.png","width":906,"height":843,"caption":"Valence Atelier Libre"},"image":{"@id":"https:\/\/vatelier.fr\/#\/schema\/logo\/image\/"}}]}},"_links":{"self":[{"href":"https:\/\/vatelier.fr\/index.php\/wp-json\/wp\/v2\/pages\/584","targetHints":{"allow":["GET"]}}],"collection":[{"href":"https:\/\/vatelier.fr\/index.php\/wp-json\/wp\/v2\/pages"}],"about":[{"href":"https:\/\/vatelier.fr\/index.php\/wp-json\/wp\/v2\/types\/page"}],"author":[{"embeddable":true,"href":"https:\/\/vatelier.fr\/index.php\/wp-json\/wp\/v2\/users\/1"}],"replies":[{"embeddable":true,"href":"https:\/\/vatelier.fr\/index.php\/wp-json\/wp\/v2\/comments?post=584"}],"version-history":[{"count":129,"href":"https:\/\/vatelier.fr\/index.php\/wp-json\/wp\/v2\/pages\/584\/revisions"}],"predecessor-version":[{"id":3591,"href":"https:\/\/vatelier.fr\/index.php\/wp-json\/wp\/v2\/pages\/584\/revisions\/3591"}],"wp:attachment":[{"href":"https:\/\/vatelier.fr\/index.php\/wp-json\/wp\/v2\/media?parent=584"}],"curies":[{"name":"wp","href":"https:\/\/api.w.org\/{rel}","templated":true}]}}